{"id":27,"date":"2014-02-20T16:02:36","date_gmt":"2014-02-20T15:02:36","guid":{"rendered":"https:\/\/www.coachingprofessionnel.be\/?page_id=27"},"modified":"2014-03-15T10:04:38","modified_gmt":"2014-03-15T09:04:38","slug":"coaching","status":"publish","type":"page","link":"https:\/\/www.coachingprofessionnel.be\/coaching\/","title":{"rendered":"Coaching"},"content":{"rendered":"<div class=\"wpb-content-wrapper\">[vc_row bg_style=\u00a0\u00bbstretch\u00a0\u00bb video_bg_overlay=\u00a0\u00bbnone\u00a0\u00bb border_style=\u00a0\u00bbsolid\u00a0\u00bb padding_top=\u00a0\u00bb0px\u00a0\u00bb padding_bottom=\u00a0\u00bb5px\u00a0\u00bb padding_left=\u00a0\u00bb5px\u00a0\u00bb padding_right=\u00a0\u00bb5px\u00a0\u00bb][vc_column width=\u00a0\u00bb1\/1&Prime; style=\u00a0\u00bbdefault\u00a0\u00bb bg_style=\u00a0\u00bbstretch\u00a0\u00bb border_style=\u00a0\u00bbsolid\u00a0\u00bb][vc_column_text]\n<h3 style=\"font-size: 19px; color: #00adee;\">Ma vision et mon engagement<\/h3>\n[\/vc_column_text]<div class=\"vcex-spacing wpex-w-100 wpex-clear\" style=\"height:5px;\"><\/div>[vc_column_text]Quelles que soient les difficult\u00e9s rencontr\u00e9es (stress, difficult\u00e9s \u00e9motionnelles, relationnelles, communicationnelles ou professionnelles) dans votre r\u00f4le, fonction ou cycle de vie, j\u2019ai le sentiment que chaque personne poss\u00e8de une formidable richesse int\u00e9rieure pour faire face aux diff\u00e9rents obstacles, tournants ou contraintes de la vie. Les envisager sous une autre perspective, accompagn\u00e9 par un coach attentif vous permettra de faire la lumi\u00e8re sur les changements \u00e0 mettre en oeuvre.<\/p>\n<p>En tenant compte de votre histoire et de votre demande, vous serez accompagn\u00e9 dans ce processus de prise de conscience et de confiance par rapport aux objectifs que vous vous serez fix\u00e9s. Vous pourrez vous donner la permission de transformer positivement une peur ou un doute momentan\u00e9 pour atteindre votre projet de vie ou votre projet professionnel.<\/p>\n<p>Dans la dynamique du coaching, je vous assisterai pour l\u00e9gitimer votre demande, favoriser l\u2019\u00e9mergence de vos ressources et vous accompagner dans la r\u00e9v\u00e9lation de vos richesses (exp\u00e9riences, comp\u00e9tences, cr\u00e9ativit\u00e9, expertise) afin de permettre la r\u00e9alisation de votre objectif de vie ou de votre objectif professionnel (passage vers un nouveau cycle, d\u00e9veloppement ou ajustement).<\/p>\n<p>C\u2019est dans une dynamique d\u2019induction positive, d\u2019effet miroir, et de questionnement du corps et des \u00e9motions, que vous trouverez la meilleure perspective pour faire appara\u00eetre votre solution et votre plan d\u2019actions.[\/vc_column_text][vc_column_text]\n<h3 style=\"font-size: 19px; color: #00adee;\">Mes outils<\/h3>\n[\/vc_column_text]<div class=\"vcex-spacing wpex-w-100 wpex-clear\" style=\"height:10px;\"><\/div><style>.vcex-list_item.vcex_69f3ad2ca5aa4 .vcex-list-item-icon-inner{color:#00adee;}<\/style><div class=\"vcex-list_item vcex-module wpex-m-0 wpex-max-w-100 wpex-mb-5 vcex_69f3ad2ca5aa4\"><div class=\"vcex-list-item-inner wpex-inline-flex wpex-flex-no-wrap\"><div class=\"vcex-list-item-icon wpex-mr-10\"><div class=\"vcex-list-item-icon-inner vcex-icon-wrap wpex-inline-flex wpex-justify-center wpex-items-center wpex-leading-none wpex-child-inherit-color\"><span class=\"wpex-icon--w wpex-icon wpex-icon--bidi\" aria-hidden=\"true\"><svg xmlns=\"http:\/\/www.w3.org\/2000\/svg\" viewBox=\"0 0 448 512\"><path d=\"M438.6 278.6c12.5-12.5 12.5-32.8 0-45.3l-160-160c-12.5-12.5-32.8-12.5-45.3 0s-12.5 32.8 0 45.3L338.8 224 32 224c-17.7 0-32 14.3-32 32s14.3 32 32 32l306.7 0L233.4 393.4c-12.5 12.5-12.5 32.8 0 45.3s32.8 12.5 45.3 0l160-160z\"\/><\/svg><\/span><\/div><\/div><div class=\"vcex-list-item-text vcex-content wpex-flex-grow\">Le questionnement syst\u00e9mique (mode cognitif) : reformulations, \u00e9cho, \u2026<\/div><\/div><\/div><style>.vcex-list_item.vcex_69f3ad2ca6454 .vcex-list-item-icon-inner{color:#00adee;}<\/style><div class=\"vcex-list_item vcex-module wpex-m-0 wpex-max-w-100 wpex-mb-5 vcex_69f3ad2ca6454\"><div class=\"vcex-list-item-inner wpex-inline-flex wpex-flex-no-wrap\"><div class=\"vcex-list-item-icon wpex-mr-10\"><div class=\"vcex-list-item-icon-inner vcex-icon-wrap wpex-inline-flex wpex-justify-center wpex-items-center wpex-leading-none wpex-child-inherit-color\"><span class=\"wpex-icon--w wpex-icon wpex-icon--bidi\" aria-hidden=\"true\"><svg xmlns=\"http:\/\/www.w3.org\/2000\/svg\" viewBox=\"0 0 448 512\"><path d=\"M438.6 278.6c12.5-12.5 12.5-32.8 0-45.3l-160-160c-12.5-12.5-32.8-12.5-45.3 0s-12.5 32.8 0 45.3L338.8 224 32 224c-17.7 0-32 14.3-32 32s14.3 32 32 32l306.7 0L233.4 393.4c-12.5 12.5-12.5 32.8 0 45.3s32.8 12.5 45.3 0l160-160z\"\/><\/svg><\/span><\/div><\/div><div class=\"vcex-list-item-text vcex-content wpex-flex-grow\">le questionnement dynamique (mode somatique) : utilisation du corps en mouvement, le langage non-verbal, l\u2019expression des \u00e9motions, l\u2019alignement, \u2026 <\/div><\/div><\/div>[vc_column_text]\n<h3 style=\"font-size: 19px; color: #00adee;\">La valeur ajout\u00e9e du coaching<\/h3>\n[\/vc_column_text]<div class=\"vcex-spacing wpex-w-100 wpex-clear\" style=\"height:10px;\"><\/div><style>.vcex-list_item.vcex_69f3ad2ca67e1 .vcex-list-item-icon-inner{color:#00adee;}<\/style><div class=\"vcex-list_item vcex-module wpex-m-0 wpex-max-w-100 wpex-mb-5 vcex_69f3ad2ca67e1\"><div class=\"vcex-list-item-inner wpex-inline-flex wpex-flex-no-wrap\"><div class=\"vcex-list-item-icon wpex-mr-10\"><div class=\"vcex-list-item-icon-inner vcex-icon-wrap wpex-inline-flex wpex-justify-center wpex-items-center wpex-leading-none wpex-child-inherit-color\"><span class=\"wpex-icon--w wpex-icon wpex-icon--bidi\" aria-hidden=\"true\"><svg xmlns=\"http:\/\/www.w3.org\/2000\/svg\" viewBox=\"0 0 448 512\"><path d=\"M438.6 278.6c12.5-12.5 12.5-32.8 0-45.3l-160-160c-12.5-12.5-32.8-12.5-45.3 0s-12.5 32.8 0 45.3L338.8 224 32 224c-17.7 0-32 14.3-32 32s14.3 32 32 32l306.7 0L233.4 393.4c-12.5 12.5-12.5 32.8 0 45.3s32.8 12.5 45.3 0l160-160z\"\/><\/svg><\/span><\/div><\/div><div class=\"vcex-list-item-text vcex-content wpex-flex-grow\">Un espace o\u00f9 d\u00e9poser des \u00e9motions, des envies, des frustrations, des projets\u2026<\/div><\/div><\/div><style>.vcex-list_item.vcex_69f3ad2ca6a72 .vcex-list-item-icon-inner{color:#00adee;}<\/style><div class=\"vcex-list_item vcex-module wpex-m-0 wpex-max-w-100 wpex-mb-5 vcex_69f3ad2ca6a72\"><div class=\"vcex-list-item-inner wpex-inline-flex wpex-flex-no-wrap\"><div class=\"vcex-list-item-icon wpex-mr-10\"><div class=\"vcex-list-item-icon-inner vcex-icon-wrap wpex-inline-flex wpex-justify-center wpex-items-center wpex-leading-none wpex-child-inherit-color\"><span class=\"wpex-icon--w wpex-icon wpex-icon--bidi\" aria-hidden=\"true\"><svg xmlns=\"http:\/\/www.w3.org\/2000\/svg\" viewBox=\"0 0 448 512\"><path d=\"M438.6 278.6c12.5-12.5 12.5-32.8 0-45.3l-160-160c-12.5-12.5-32.8-12.5-45.3 0s-12.5 32.8 0 45.3L338.8 224 32 224c-17.7 0-32 14.3-32 32s14.3 32 32 32l306.7 0L233.4 393.4c-12.5 12.5-12.5 32.8 0 45.3s32.8 12.5 45.3 0l160-160z\"\/><\/svg><\/span><\/div><\/div><div class=\"vcex-list-item-text vcex-content wpex-flex-grow\">Un accompagnement professionnel et une \u00e9coute bienveillante inconditionnelle<\/div><\/div><\/div><style>.vcex-list_item.vcex_69f3ad2ca6cef .vcex-list-item-icon-inner{color:#00adee;}<\/style><div class=\"vcex-list_item vcex-module wpex-m-0 wpex-max-w-100 wpex-mb-5 vcex_69f3ad2ca6cef\"><div class=\"vcex-list-item-inner wpex-inline-flex wpex-flex-no-wrap\"><div class=\"vcex-list-item-icon wpex-mr-10\"><div class=\"vcex-list-item-icon-inner vcex-icon-wrap wpex-inline-flex wpex-justify-center wpex-items-center wpex-leading-none wpex-child-inherit-color\"><span class=\"wpex-icon--w wpex-icon wpex-icon--bidi\" aria-hidden=\"true\"><svg xmlns=\"http:\/\/www.w3.org\/2000\/svg\" viewBox=\"0 0 448 512\"><path d=\"M438.6 278.6c12.5-12.5 12.5-32.8 0-45.3l-160-160c-12.5-12.5-32.8-12.5-45.3 0s-12.5 32.8 0 45.3L338.8 224 32 224c-17.7 0-32 14.3-32 32s14.3 32 32 32l306.7 0L233.4 393.4c-12.5 12.5-12.5 32.8 0 45.3s32.8 12.5 45.3 0l160-160z\"\/><\/svg><\/span><\/div><\/div><div class=\"vcex-list-item-text vcex-content wpex-flex-grow\">Une d\u00e9finition claire de votre objectif<\/div><\/div><\/div><style>.vcex-list_item.vcex_69f3ad2ca6f72 .vcex-list-item-icon-inner{color:#00adee;}<\/style><div class=\"vcex-list_item vcex-module wpex-m-0 wpex-max-w-100 wpex-mb-5 vcex_69f3ad2ca6f72\"><div class=\"vcex-list-item-inner wpex-inline-flex wpex-flex-no-wrap\"><div class=\"vcex-list-item-icon wpex-mr-10\"><div class=\"vcex-list-item-icon-inner vcex-icon-wrap wpex-inline-flex wpex-justify-center wpex-items-center wpex-leading-none wpex-child-inherit-color\"><span class=\"wpex-icon--w wpex-icon wpex-icon--bidi\" aria-hidden=\"true\"><svg xmlns=\"http:\/\/www.w3.org\/2000\/svg\" viewBox=\"0 0 448 512\"><path d=\"M438.6 278.6c12.5-12.5 12.5-32.8 0-45.3l-160-160c-12.5-12.5-32.8-12.5-45.3 0s-12.5 32.8 0 45.3L338.8 224 32 224c-17.7 0-32 14.3-32 32s14.3 32 32 32l306.7 0L233.4 393.4c-12.5 12.5-12.5 32.8 0 45.3s32.8 12.5 45.3 0l160-160z\"\/><\/svg><\/span><\/div><\/div><div class=\"vcex-list-item-text vcex-content wpex-flex-grow\">Une prise de conscience de vos automatismes, de votre fonctionnement <\/div><\/div><\/div><style>.vcex-list_item.vcex_69f3ad2ca71f2 .vcex-list-item-icon-inner{color:#00adee;}<\/style><div class=\"vcex-list_item vcex-module wpex-m-0 wpex-max-w-100 wpex-mb-5 vcex_69f3ad2ca71f2\"><div class=\"vcex-list-item-inner wpex-inline-flex wpex-flex-no-wrap\"><div class=\"vcex-list-item-icon wpex-mr-10\"><div class=\"vcex-list-item-icon-inner vcex-icon-wrap wpex-inline-flex wpex-justify-center wpex-items-center wpex-leading-none wpex-child-inherit-color\"><span class=\"wpex-icon--w wpex-icon wpex-icon--bidi\" aria-hidden=\"true\"><svg xmlns=\"http:\/\/www.w3.org\/2000\/svg\" viewBox=\"0 0 448 512\"><path d=\"M438.6 278.6c12.5-12.5 12.5-32.8 0-45.3l-160-160c-12.5-12.5-32.8-12.5-45.3 0s-12.5 32.8 0 45.3L338.8 224 32 224c-17.7 0-32 14.3-32 32s14.3 32 32 32l306.7 0L233.4 393.4c-12.5 12.5-12.5 32.8 0 45.3s32.8 12.5 45.3 0l160-160z\"\/><\/svg><\/span><\/div><\/div><div class=\"vcex-list-item-text vcex-content wpex-flex-grow\">Une analyse de vos croyances <\/div><\/div><\/div><style>.vcex-list_item.vcex_69f3ad2ca74dc .vcex-list-item-icon-inner{color:#00adee;}<\/style><div class=\"vcex-list_item vcex-module wpex-m-0 wpex-max-w-100 wpex-mb-5 vcex_69f3ad2ca74dc\"><div class=\"vcex-list-item-inner wpex-inline-flex wpex-flex-no-wrap\"><div class=\"vcex-list-item-icon wpex-mr-10\"><div class=\"vcex-list-item-icon-inner vcex-icon-wrap wpex-inline-flex wpex-justify-center wpex-items-center wpex-leading-none wpex-child-inherit-color\"><span class=\"wpex-icon--w wpex-icon wpex-icon--bidi\" aria-hidden=\"true\"><svg xmlns=\"http:\/\/www.w3.org\/2000\/svg\" viewBox=\"0 0 448 512\"><path d=\"M438.6 278.6c12.5-12.5 12.5-32.8 0-45.3l-160-160c-12.5-12.5-32.8-12.5-45.3 0s-12.5 32.8 0 45.3L338.8 224 32 224c-17.7 0-32 14.3-32 32s14.3 32 32 32l306.7 0L233.4 393.4c-12.5 12.5-12.5 32.8 0 45.3s32.8 12.5 45.3 0l160-160z\"\/><\/svg><\/span><\/div><\/div><div class=\"vcex-list-item-text vcex-content wpex-flex-grow\">Une exp\u00e9rimentation de nouvelles attitudes et nouveaux comportements<\/div><\/div><\/div><style>.vcex-list_item.vcex_69f3ad2ca7772 .vcex-list-item-icon-inner{color:#00adee;}<\/style><div class=\"vcex-list_item vcex-module wpex-m-0 wpex-max-w-100 wpex-mb-5 vcex_69f3ad2ca7772\"><div class=\"vcex-list-item-inner wpex-inline-flex wpex-flex-no-wrap\"><div class=\"vcex-list-item-icon wpex-mr-10\"><div class=\"vcex-list-item-icon-inner vcex-icon-wrap wpex-inline-flex wpex-justify-center wpex-items-center wpex-leading-none wpex-child-inherit-color\"><span class=\"wpex-icon--w wpex-icon wpex-icon--bidi\" aria-hidden=\"true\"><svg xmlns=\"http:\/\/www.w3.org\/2000\/svg\" viewBox=\"0 0 448 512\"><path d=\"M438.6 278.6c12.5-12.5 12.5-32.8 0-45.3l-160-160c-12.5-12.5-32.8-12.5-45.3 0s-12.5 32.8 0 45.3L338.8 224 32 224c-17.7 0-32 14.3-32 32s14.3 32 32 32l306.7 0L233.4 393.4c-12.5 12.5-12.5 32.8 0 45.3s32.8 12.5 45.3 0l160-160z\"\/><\/svg><\/span><\/div><\/div><div class=\"vcex-list-item-text vcex-content wpex-flex-grow\">Un lieu pour d\u00e9cider d\u2019options b\u00e9n\u00e9fiques<\/div><\/div><\/div><style>.vcex-list_item.vcex_69f3ad2ca79ec .vcex-list-item-icon-inner{color:#00adee;}<\/style><div class=\"vcex-list_item vcex-module wpex-m-0 wpex-max-w-100 wpex-mb-5 vcex_69f3ad2ca79ec\"><div class=\"vcex-list-item-inner wpex-inline-flex wpex-flex-no-wrap\"><div class=\"vcex-list-item-icon wpex-mr-10\"><div class=\"vcex-list-item-icon-inner vcex-icon-wrap wpex-inline-flex wpex-justify-center wpex-items-center wpex-leading-none wpex-child-inherit-color\"><span class=\"wpex-icon--w wpex-icon wpex-icon--bidi\" aria-hidden=\"true\"><svg xmlns=\"http:\/\/www.w3.org\/2000\/svg\" viewBox=\"0 0 448 512\"><path d=\"M438.6 278.6c12.5-12.5 12.5-32.8 0-45.3l-160-160c-12.5-12.5-32.8-12.5-45.3 0s-12.5 32.8 0 45.3L338.8 224 32 224c-17.7 0-32 14.3-32 32s14.3 32 32 32l306.7 0L233.4 393.4c-12.5 12.5-12.5 32.8 0 45.3s32.8 12.5 45.3 0l160-160z\"\/><\/svg><\/span><\/div><\/div><div class=\"vcex-list-item-text vcex-content wpex-flex-grow\">Une c\u00e9l\u00e9bration de vos r\u00e9ussites<\/div><\/div><\/div>[vc_column_text]\n<h3 style=\"font-size: 19px; color: #00adee;\">Votre engagement<\/h3>\n[\/vc_column_text]<div class=\"vcex-spacing wpex-w-100 wpex-clear\" style=\"height:10px;\"><\/div>[vc_column_text]Le succ\u00e8s d\u2019un processus de coaching est d\u00e9termin\u00e9 par un engagement s\u00e9rieux de votre part : assiduit\u00e9 et ponctualit\u00e9, travail (exercices, actions) prescrit entre les s\u00e9ances, r\u00e9alisation du plan d\u2019actions personnel, authenticit\u00e9, et responsabilit\u00e9 des d\u00e9cisions prises.[\/vc_column_text][\/vc_column][\/vc_row]\n<\/div>","protected":false},"excerpt":{"rendered":"<p>[vc_row bg_style=\u00a0\u00bbstretch\u00a0\u00bb video_bg_overlay=\u00a0\u00bbnone\u00a0\u00bb border_style=\u00a0\u00bbsolid\u00a0\u00bb padding_top=\u00a0\u00bb0px\u00a0\u00bb padding_bottom=\u00a0\u00bb5px\u00a0\u00bb padding_left=\u00a0\u00bb5px\u00a0\u00bb padding_right=\u00a0\u00bb5px\u00a0\u00bb][vc_column width=\u00a0\u00bb1\/1&Prime; style=\u00a0\u00bbdefault\u00a0\u00bb bg_style=\u00a0\u00bbstretch\u00a0\u00bb border_style=\u00a0\u00bbsolid\u00a0\u00bb][vc_column_text] Ma vision et mon engagement [\/vc_column_text][vc_column_text]Quelles que soient les difficult\u00e9s rencontr\u00e9es (stress, difficult\u00e9s \u00e9motionnelles, relationnelles, communicationnelles ou professionnelles) dans votre r\u00f4le, fonction ou cycle de vie, j\u2019ai le sentiment que chaque personne poss\u00e8de une formidable richesse int\u00e9rieure pour faire face aux diff\u00e9rents obstacles,&hellip;<\/p>\n","protected":false},"author":1,"featured_media":0,"parent":0,"menu_order":0,"comment_status":"open","ping_status":"open","template":"","meta":{"footnotes":""},"class_list":["post-27","page","type-page","status-publish","hentry","entry","no-media"],"yoast_head":"<!-- This site is optimized with the Yoast SEO plugin v23.9 - https:\/\/yoast.com\/wordpress\/plugins\/seo\/ -->\n<title>Coaching Bruxelles: coaching professionnel, coach expert atteignez vos objectifs<\/title>\n<meta name=\"description\" content=\"Atteignez vos objectifs rapidement avec l&#039;aide d&#039;un coach expert\" \/>\n<meta name=\"robots\" content=\"index, follow, max-snippet:-1, max-image-preview:large, max-video-preview:-1\" \/>\n<link rel=\"canonical\" href=\"https:\/\/www.coachingprofessionnel.be\/coaching\/\" \/>\n<meta property=\"og:locale\" content=\"fr_FR\" \/>\n<meta property=\"og:type\" content=\"article\" \/>\n<meta property=\"og:title\" content=\"Coaching Bruxelles: coaching professionnel, coach expert atteignez vos objectifs\" \/>\n<meta property=\"og:description\" content=\"Atteignez vos objectifs rapidement avec l&#039;aide d&#039;un coach expert\" \/>\n<meta property=\"og:url\" content=\"https:\/\/www.coachingprofessionnel.be\/coaching\/\" \/>\n<meta property=\"og:site_name\" content=\"coaching professionnel\" \/>\n<meta property=\"article:modified_time\" content=\"2014-03-15T09:04:38+00:00\" \/>\n<meta name=\"twitter:card\" content=\"summary_large_image\" \/>\n<meta name=\"twitter:label1\" content=\"Dur\u00e9e de lecture estim\u00e9e\" \/>\n\t<meta name=\"twitter:data1\" content=\"3 minutes\" \/>\n<script type=\"application\/ld+json\" class=\"yoast-schema-graph\">{\"@context\":\"https:\/\/schema.org\",\"@graph\":[{\"@type\":\"WebPage\",\"@id\":\"https:\/\/www.coachingprofessionnel.be\/coaching\/\",\"url\":\"https:\/\/www.coachingprofessionnel.be\/coaching\/\",\"name\":\"Coaching Bruxelles: coaching professionnel, coach expert atteignez vos objectifs\",\"isPartOf\":{\"@id\":\"https:\/\/www.coachingprofessionnel.be\/#website\"},\"datePublished\":\"2014-02-20T15:02:36+00:00\",\"dateModified\":\"2014-03-15T09:04:38+00:00\",\"description\":\"Atteignez vos objectifs rapidement avec l&#039;aide d&#039;un coach expert\",\"breadcrumb\":{\"@id\":\"https:\/\/www.coachingprofessionnel.be\/coaching\/#breadcrumb\"},\"inLanguage\":\"fr-FR\",\"potentialAction\":[{\"@type\":\"ReadAction\",\"target\":[\"https:\/\/www.coachingprofessionnel.be\/coaching\/\"]}]},{\"@type\":\"BreadcrumbList\",\"@id\":\"https:\/\/www.coachingprofessionnel.be\/coaching\/#breadcrumb\",\"itemListElement\":[{\"@type\":\"ListItem\",\"position\":1,\"name\":\"Accueil\",\"item\":\"https:\/\/www.coachingprofessionnel.be\/\"},{\"@type\":\"ListItem\",\"position\":2,\"name\":\"Coaching\"}]},{\"@type\":\"WebSite\",\"@id\":\"https:\/\/www.coachingprofessionnel.be\/#website\",\"url\":\"https:\/\/www.coachingprofessionnel.be\/\",\"name\":\"coaching professionnel\",\"description\":\"coaching professionnel Kal\u00e9i\",\"publisher\":{\"@id\":\"https:\/\/www.coachingprofessionnel.be\/#organization\"},\"potentialAction\":[{\"@type\":\"SearchAction\",\"target\":{\"@type\":\"EntryPoint\",\"urlTemplate\":\"https:\/\/www.coachingprofessionnel.be\/?s={search_term_string}\"},\"query-input\":{\"@type\":\"PropertyValueSpecification\",\"valueRequired\":true,\"valueName\":\"search_term_string\"}}],\"inLanguage\":\"fr-FR\"},{\"@type\":\"Organization\",\"@id\":\"https:\/\/www.coachingprofessionnel.be\/#organization\",\"name\":\"coaching professionnel\",\"url\":\"https:\/\/www.coachingprofessionnel.be\/\",\"logo\":{\"@type\":\"ImageObject\",\"inLanguage\":\"fr-FR\",\"@id\":\"https:\/\/www.coachingprofessionnel.be\/#\/schema\/logo\/image\/\",\"url\":\"https:\/\/www.coachingprofessionnel.be\/file\/2014\/02\/logo.png\",\"contentUrl\":\"https:\/\/www.coachingprofessionnel.be\/file\/2014\/02\/logo.png\",\"width\":155,\"height\":80,\"caption\":\"coaching professionnel\"},\"image\":{\"@id\":\"https:\/\/www.coachingprofessionnel.be\/#\/schema\/logo\/image\/\"}}]}<\/script>\n<!-- \/ Yoast SEO plugin. -->","yoast_head_json":{"title":"Coaching Bruxelles: coaching professionnel, coach expert atteignez vos objectifs","description":"Atteignez vos objectifs rapidement avec l&#039;aide d&#039;un coach expert","robots":{"index":"index","follow":"follow","max-snippet":"max-snippet:-1","max-image-preview":"max-image-preview:large","max-video-preview":"max-video-preview:-1"},"canonical":"https:\/\/www.coachingprofessionnel.be\/coaching\/","og_locale":"fr_FR","og_type":"article","og_title":"Coaching Bruxelles: coaching professionnel, coach expert atteignez vos objectifs","og_description":"Atteignez vos objectifs rapidement avec l&#039;aide d&#039;un coach expert","og_url":"https:\/\/www.coachingprofessionnel.be\/coaching\/","og_site_name":"coaching professionnel","article_modified_time":"2014-03-15T09:04:38+00:00","twitter_card":"summary_large_image","twitter_misc":{"Dur\u00e9e de lecture estim\u00e9e":"3 minutes"},"schema":{"@context":"https:\/\/schema.org","@graph":[{"@type":"WebPage","@id":"https:\/\/www.coachingprofessionnel.be\/coaching\/","url":"https:\/\/www.coachingprofessionnel.be\/coaching\/","name":"Coaching Bruxelles: coaching professionnel, coach expert atteignez vos objectifs","isPartOf":{"@id":"https:\/\/www.coachingprofessionnel.be\/#website"},"datePublished":"2014-02-20T15:02:36+00:00","dateModified":"2014-03-15T09:04:38+00:00","description":"Atteignez vos objectifs rapidement avec l&#039;aide d&#039;un coach expert","breadcrumb":{"@id":"https:\/\/www.coachingprofessionnel.be\/coaching\/#breadcrumb"},"inLanguage":"fr-FR","potentialAction":[{"@type":"ReadAction","target":["https:\/\/www.coachingprofessionnel.be\/coaching\/"]}]},{"@type":"BreadcrumbList","@id":"https:\/\/www.coachingprofessionnel.be\/coaching\/#breadcrumb","itemListElement":[{"@type":"ListItem","position":1,"name":"Accueil","item":"https:\/\/www.coachingprofessionnel.be\/"},{"@type":"ListItem","position":2,"name":"Coaching"}]},{"@type":"WebSite","@id":"https:\/\/www.coachingprofessionnel.be\/#website","url":"https:\/\/www.coachingprofessionnel.be\/","name":"coaching professionnel","description":"coaching professionnel Kal\u00e9i","publisher":{"@id":"https:\/\/www.coachingprofessionnel.be\/#organization"},"potentialAction":[{"@type":"SearchAction","target":{"@type":"EntryPoint","urlTemplate":"https:\/\/www.coachingprofessionnel.be\/?s={search_term_string}"},"query-input":{"@type":"PropertyValueSpecification","valueRequired":true,"valueName":"search_term_string"}}],"inLanguage":"fr-FR"},{"@type":"Organization","@id":"https:\/\/www.coachingprofessionnel.be\/#organization","name":"coaching professionnel","url":"https:\/\/www.coachingprofessionnel.be\/","logo":{"@type":"ImageObject","inLanguage":"fr-FR","@id":"https:\/\/www.coachingprofessionnel.be\/#\/schema\/logo\/image\/","url":"https:\/\/www.coachingprofessionnel.be\/file\/2014\/02\/logo.png","contentUrl":"https:\/\/www.coachingprofessionnel.be\/file\/2014\/02\/logo.png","width":155,"height":80,"caption":"coaching professionnel"},"image":{"@id":"https:\/\/www.coachingprofessionnel.be\/#\/schema\/logo\/image\/"}}]}},"_links":{"self":[{"href":"https:\/\/www.coachingprofessionnel.be\/rest\/wp\/v2\/pages\/27","targetHints":{"allow":["GET"]}}],"collection":[{"href":"https:\/\/www.coachingprofessionnel.be\/rest\/wp\/v2\/pages"}],"about":[{"href":"https:\/\/www.coachingprofessionnel.be\/rest\/wp\/v2\/types\/page"}],"author":[{"embeddable":true,"href":"https:\/\/www.coachingprofessionnel.be\/rest\/wp\/v2\/users\/1"}],"replies":[{"embeddable":true,"href":"https:\/\/www.coachingprofessionnel.be\/rest\/wp\/v2\/comments?post=27"}],"version-history":[{"count":0,"href":"https:\/\/www.coachingprofessionnel.be\/rest\/wp\/v2\/pages\/27\/revisions"}],"wp:attachment":[{"href":"https:\/\/www.coachingprofessionnel.be\/rest\/wp\/v2\/media?parent=27"}],"curies":[{"name":"wp","href":"https:\/\/api.w.org\/{rel}","templated":true}]}}