{"id":811,"date":"2021-02-10T15:46:18","date_gmt":"2021-02-10T14:46:18","guid":{"rendered":"https:\/\/www.coachingprofessionnel.be\/?page_id=811"},"modified":"2021-02-12T23:29:53","modified_gmt":"2021-02-12T22:29:53","slug":"accueil-2","status":"publish","type":"page","link":"https:\/\/www.coachingprofessionnel.be\/accueil-2\/","title":{"rendered":"Accueil2"},"content":{"rendered":"<div class=\"wpb-content-wrapper\">[vc_row full_width=\u00a0\u00bbstretch_row_content\u00a0\u00bb bg_style=\u00a0\u00bbstretch\u00a0\u00bb local_scroll_id=\u00a0\u00bbhome\u00a0\u00bb css=\u00a0\u00bb.vc_custom_1612970922045{margin-top: 20px !important;padding-right: 50px !important;padding-left: 50px !important;}\u00a0\u00bb][vc_column width=\u00a0\u00bb1\/3&Prime;][vc_single_image image=\u00a0\u00bb830&Prime; img_size=\u00a0\u00bblarge\u00a0\u00bb alignment=\u00a0\u00bbcenter\u00a0\u00bb onclick=\u00a0\u00bbcustom_link\u00a0\u00bb img_link=\u00a0\u00bbhttps:\/\/www.coachingprofessionnel.be\/coaching-de-vie\/\u00a0\u00bb link=\u00a0\u00bbhttps:\/\/www.coachingprofessionnel.be\/coaching-de-vie-developpement-personnel\u00a0\u00bb]<style>.vcex-heading.vcex_69f4f92cb5a78{color:#00adee;font-weight:700;}.vcex-heading.vcex_69f4f92cb5a78:hover{color:var(--wpex-accent);}<\/style><h1 class=\"vcex-heading vcex-heading-plain vcex-module wpex-heading wpex-text-2xl wpex-text-center vcex_69f4f92cb5a78\"><a href=\"https:\/\/www.coachingprofessionnel.be\/souffrance-au-travail-burnout\/\" class=\"wpex-no-underline wpex-inherit-color\" target=\"_self\"><span class=\"vcex-heading-inner wpex-inline-block\"><span class=\"vcex-heading-icon vcex-heading-icon-left vcex-icon-wrap wpex-mr-10\"><span class=\"wpex-icon wpex-icon--bidi\" aria-hidden=\"true\"><svg xmlns=\"http:\/\/www.w3.org\/2000\/svg\" viewBox=\"0 0 11 32\"><path d=\"M10.286 16q0 0.464-0.339 0.804l-8 8q-0.339 0.339-0.804 0.339t-0.804-0.339-0.339-0.804v-16q0-0.464 0.339-0.804t0.804-0.339 0.804 0.339l8 8q0.339 0.339 0.339 0.804z\"><\/path><\/svg><\/span><\/span>Souffrance au travail<\/span><\/a><\/h1><style>.vcex-heading.vcex_69f4f92cb68a0{color:#00adee;}.vcex-heading.vcex_69f4f92cb68a0:hover{color:var(--wpex-accent);}<\/style><h2 class=\"vcex-heading vcex-heading-plain vcex-module wpex-heading wpex-text-2xl wpex-text-center vc_custom_1613165667626 vcex_69f4f92cb68a0\"><a href=\"https:\/\/www.coachingprofessionnel.be\/souffrance-au-travail-burnout\/\" class=\"wpex-no-underline wpex-inherit-color\" target=\"_self\"><span class=\"vcex-heading-inner wpex-inline-block\">- Stress<\/span><\/a><\/h2><style>.vcex-heading.vcex_69f4f92cb6d07{color:#00adee;}.vcex-heading.vcex_69f4f92cb6d07:hover{color:var(--wpex-accent);}<\/style><h2 class=\"vcex-heading vcex-heading-plain vcex-module wpex-heading wpex-text-2xl wpex-text-center vc_custom_1613165684731 vcex_69f4f92cb6d07\"><a href=\"https:\/\/www.coachingprofessionnel.be\/souffrance-au-travail-burnout\/\" class=\"wpex-no-underline wpex-inherit-color\" target=\"_self\"><span class=\"vcex-heading-inner wpex-inline-block\">- Burnout<\/span><\/a><\/h2>[\/vc_column][vc_column width=\u00a0\u00bb1\/3&Prime;][vc_single_image image=\u00a0\u00bb831&Prime; img_size=\u00a0\u00bblarge\u00a0\u00bb alignment=\u00a0\u00bbcenter\u00a0\u00bb onclick=\u00a0\u00bbcustom_link\u00a0\u00bb img_link=\u00a0\u00bbhttps:\/\/www.coachingprofessionnel.be\/coaching-professionnel\/\u00a0\u00bb link=\u00a0\u00bbhttps:\/\/www.coachingprofessionnel.be\/coaching-professionnel\/\u00a0\u00bb]<style>.vcex-heading.vcex_69f4f92cb715c{color:#00adee;font-weight:700;}.vcex-heading.vcex_69f4f92cb715c:hover{color:var(--wpex-accent);}<\/style><h1 class=\"vcex-heading vcex-heading-plain vcex-module wpex-heading wpex-text-2xl wpex-text-left vc_custom_1613123104621 vcex_69f4f92cb715c\"><a href=\"https:\/\/www.coachingprofessionnel.be\/coaching-professionnel\/\" class=\"wpex-no-underline wpex-inherit-color\" target=\"_self\"><span class=\"vcex-heading-inner wpex-inline-block\"><span class=\"vcex-heading-icon vcex-heading-icon-left vcex-icon-wrap wpex-mr-10\"><span class=\"wpex-icon wpex-icon--bidi\" aria-hidden=\"true\"><svg xmlns=\"http:\/\/www.w3.org\/2000\/svg\" viewBox=\"0 0 11 32\"><path d=\"M10.286 16q0 0.464-0.339 0.804l-8 8q-0.339 0.339-0.804 0.339t-0.804-0.339-0.339-0.804v-16q0-0.464 0.339-0.804t0.804-0.339 0.804 0.339l8 8q0.339 0.339 0.339 0.804z\"><\/path><\/svg><\/span><\/span>Coaching de d\u00e9veloppement<\/span><\/a><\/h1><style>.vcex-heading.vcex_69f4f92cb75b9{color:#00adee;font-weight:700;}.vcex-heading.vcex_69f4f92cb75b9:hover{color:var(--wpex-accent);}<\/style><h1 class=\"vcex-heading vcex-heading-plain vcex-module wpex-heading wpex-text-2xl wpex-text-left vc_custom_1613123156281 vcex_69f4f92cb75b9\"><a href=\"https:\/\/www.coachingprofessionnel.be\/coaching-de-manager-leader\/\" class=\"wpex-no-underline wpex-inherit-color\" target=\"_self\"><span class=\"vcex-heading-inner wpex-inline-block\"><span class=\"vcex-heading-icon vcex-heading-icon-left vcex-icon-wrap wpex-mr-10\"><span class=\"wpex-icon wpex-icon--bidi\" aria-hidden=\"true\"><svg xmlns=\"http:\/\/www.w3.org\/2000\/svg\" viewBox=\"0 0 11 32\"><path d=\"M10.286 16q0 0.464-0.339 0.804l-8 8q-0.339 0.339-0.804 0.339t-0.804-0.339-0.339-0.804v-16q0-0.464 0.339-0.804t0.804-0.339 0.804 0.339l8 8q0.339 0.339 0.339 0.804z\"><\/path><\/svg><\/span><\/span>Coaching de manager\/leader<\/span><\/a><\/h1><style>.vcex-heading.vcex_69f4f92cb7a1a{color:#00adee;font-weight:700;}.vcex-heading.vcex_69f4f92cb7a1a:hover{color:var(--wpex-accent);}<\/style><h1 class=\"vcex-heading vcex-heading-plain vcex-module wpex-heading wpex-text-2xl wpex-text-left vc_custom_1613124376511 vcex_69f4f92cb7a1a\"><a href=\"#\" class=\"wpex-no-underline wpex-inherit-color\" target=\"_self\"><span class=\"vcex-heading-inner wpex-inline-block\"><span class=\"vcex-heading-icon vcex-heading-icon-left vcex-icon-wrap wpex-mr-10\"><span class=\"wpex-icon wpex-icon--bidi\" aria-hidden=\"true\"><svg xmlns=\"http:\/\/www.w3.org\/2000\/svg\" viewBox=\"0 0 11 32\"><path d=\"M10.286 16q0 0.464-0.339 0.804l-8 8q-0.339 0.339-0.804 0.339t-0.804-0.339-0.339-0.804v-16q0-0.464 0.339-0.804t0.804-0.339 0.804 0.339l8 8q0.339 0.339 0.339 0.804z\"><\/path><\/svg><\/span><\/span>Coaching de transition\/reconversion<\/span><\/a><\/h1><style>.vcex-heading.vcex_69f4f92cb7eb2{color:#00adee;}.vcex-heading.vcex_69f4f92cb7eb2:hover{color:var(--wpex-accent);}<\/style><h2 class=\"vcex-heading vcex-heading-plain vcex-module wpex-heading wpex-text-2xl wpex-text-left vc_custom_1613124458351 vcex_69f4f92cb7eb2\"><a href=\"https:\/\/www.coachingprofessionnel.be\/coaching-de-transition-reconversion-souhaite-un-changement\/\" class=\"wpex-no-underline wpex-inherit-color\" target=\"_self\"><span class=\"vcex-heading-inner wpex-inline-block\">- Pour la personne qui souhaite un changement<\/span><\/a><\/h2><style>.vcex-heading.vcex_69f4f92cb82ad{color:#00adee;}.vcex-heading.vcex_69f4f92cb82ad:hover{color:var(--wpex-accent);}<\/style><h2 class=\"vcex-heading vcex-heading-plain vcex-module wpex-heading wpex-text-2xl wpex-text-left vc_custom_1613124498322 vcex_69f4f92cb82ad\"><a href=\"https:\/\/www.coachingprofessionnel.be\/coaching-de-transition-reconversion-subit-un-changement\/\" class=\"wpex-no-underline wpex-inherit-color\" target=\"_self\"><span class=\"vcex-heading-inner wpex-inline-block\">- Pour la personne qui subit un changement<\/span><\/a><\/h2>[\/vc_column][vc_column width=\u00a0\u00bb1\/3&Prime;][vc_single_image image=\u00a0\u00bb832&Prime; img_size=\u00a0\u00bblarge\u00a0\u00bb alignment=\u00a0\u00bbcenter\u00a0\u00bb onclick=\u00a0\u00bbcustom_link\u00a0\u00bb img_link=\u00a0\u00bbhttps:\/\/www.coachingprofessionnel.be\/coaching-professionnel\/\u00a0\u00bb link=\u00a0\u00bbhttps:\/\/www.coachingprofessionnel.be\/coaching-professionnel\/\u00a0\u00bb]<style>.vcex-heading.vcex_69f4f92cb86c7{color:#00adee;font-weight:700;}.vcex-heading.vcex_69f4f92cb86c7:hover{color:var(--wpex-accent);}<\/style><h1 class=\"vcex-heading vcex-heading-plain vcex-module wpex-heading wpex-text-2xl wpex-text-left vc_custom_1613125094488 vcex_69f4f92cb86c7\"><a href=\"https:\/\/www.coachingprofessionnel.be\/coach-cv-coaching-cv-et-lettre-de-motivation\" class=\"wpex-no-underline wpex-inherit-color\" target=\"_self\"><span class=\"vcex-heading-inner wpex-inline-block\"><span class=\"vcex-heading-icon vcex-heading-icon-left vcex-icon-wrap wpex-mr-10\"><span class=\"wpex-icon wpex-icon--bidi\" aria-hidden=\"true\"><svg xmlns=\"http:\/\/www.w3.org\/2000\/svg\" viewBox=\"0 0 11 32\"><path d=\"M10.286 16q0 0.464-0.339 0.804l-8 8q-0.339 0.339-0.804 0.339t-0.804-0.339-0.339-0.804v-16q0-0.464 0.339-0.804t0.804-0.339 0.804 0.339l8 8q0.339 0.339 0.339 0.804z\"><\/path><\/svg><\/span><\/span>Curriculum Vitae (CV)<\/span><\/a><\/h1><style>.vcex-heading.vcex_69f4f92cb8ac4{color:#00adee;font-weight:700;}.vcex-heading.vcex_69f4f92cb8ac4:hover{color:var(--wpex-accent);}<\/style><h1 class=\"vcex-heading vcex-heading-plain vcex-module wpex-heading wpex-text-2xl wpex-text-left vc_custom_1613125080100 vcex_69f4f92cb8ac4\"><a href=\"https:\/\/www.coachingprofessionnel.be\/coach-cv-coaching-cv-et-lettre-de-motivation\" class=\"wpex-no-underline wpex-inherit-color\" target=\"_self\"><span class=\"vcex-heading-inner wpex-inline-block\"><span class=\"vcex-heading-icon vcex-heading-icon-left vcex-icon-wrap wpex-mr-10\"><span class=\"wpex-icon wpex-icon--bidi\" aria-hidden=\"true\"><svg xmlns=\"http:\/\/www.w3.org\/2000\/svg\" viewBox=\"0 0 11 32\"><path d=\"M10.286 16q0 0.464-0.339 0.804l-8 8q-0.339 0.339-0.804 0.339t-0.804-0.339-0.339-0.804v-16q0-0.464 0.339-0.804t0.804-0.339 0.804 0.339l8 8q0.339 0.339 0.339 0.804z\"><\/path><\/svg><\/span><\/span>Lettre de motivation<\/span><\/a><\/h1><style>.vcex-heading.vcex_69f4f92cb8f0f{color:#00adee;font-weight:700;}.vcex-heading.vcex_69f4f92cb8f0f:hover{color:var(--wpex-accent);}<\/style><h1 class=\"vcex-heading vcex-heading-plain vcex-module wpex-heading wpex-text-2xl wpex-text-left vc_custom_1613125129646 vcex_69f4f92cb8f0f\"><a href=\"https:\/\/www.coachingprofessionnel.be\/bilan-de-competence\/\" class=\"wpex-no-underline wpex-inherit-color\" target=\"_self\"><span class=\"vcex-heading-inner wpex-inline-block\"><span class=\"vcex-heading-icon vcex-heading-icon-left vcex-icon-wrap wpex-mr-10\"><span class=\"wpex-icon wpex-icon--bidi\" aria-hidden=\"true\"><svg xmlns=\"http:\/\/www.w3.org\/2000\/svg\" viewBox=\"0 0 11 32\"><path d=\"M10.286 16q0 0.464-0.339 0.804l-8 8q-0.339 0.339-0.804 0.339t-0.804-0.339-0.339-0.804v-16q0-0.464 0.339-0.804t0.804-0.339 0.804 0.339l8 8q0.339 0.339 0.339 0.804z\"><\/path><\/svg><\/span><\/span>Bilan de comp\u00e9tences<\/span><\/a><\/h1>[\/vc_column][\/vc_row][vc_row full_width=\u00a0\u00bbstretch_row_content\u00a0\u00bb bg_style=\u00a0\u00bbstretch\u00a0\u00bb local_scroll_id=\u00a0\u00bbhome\u00a0\u00bb css=\u00a0\u00bb.vc_custom_1612970922045{margin-top: 20px !important;padding-right: 50px !important;padding-left: 50px !important;}\u00a0\u00bb][vc_column width=\u00a0\u00bb1\/3&Prime;][vc_single_image image=\u00a0\u00bb833&Prime; img_size=\u00a0\u00bblarge\u00a0\u00bb alignment=\u00a0\u00bbcenter\u00a0\u00bb onclick=\u00a0\u00bbcustom_link\u00a0\u00bb img_link=\u00a0\u00bbhttps:\/\/www.coachingprofessionnel.be\/coaching-de-vie\/\u00a0\u00bb link=\u00a0\u00bbhttps:\/\/www.coachingprofessionnel.be\/coaching-de-vie-developpement-personnel\u00a0\u00bb]<style>.vcex-heading.vcex_69f4f92cb9377{color:#00adee;font-weight:700;}.vcex-heading.vcex_69f4f92cb9377:hover{color:var(--wpex-accent);}<\/style><h1 class=\"vcex-heading vcex-heading-plain vcex-module wpex-heading wpex-text-2xl wpex-text-center vcex_69f4f92cb9377\"><a href=\"https:\/\/www.coachingprofessionnel.be\/coaching-entretien-d-embauche-bruxelles\/\" class=\"wpex-no-underline wpex-inherit-color\" target=\"_self\"><span class=\"vcex-heading-inner wpex-inline-block\"><span class=\"vcex-heading-icon vcex-heading-icon-left vcex-icon-wrap wpex-mr-10\"><span class=\"wpex-icon wpex-icon--bidi\" aria-hidden=\"true\"><svg xmlns=\"http:\/\/www.w3.org\/2000\/svg\" viewBox=\"0 0 11 32\"><path d=\"M10.286 16q0 0.464-0.339 0.804l-8 8q-0.339 0.339-0.804 0.339t-0.804-0.339-0.339-0.804v-16q0-0.464 0.339-0.804t0.804-0.339 0.804 0.339l8 8q0.339 0.339 0.339 0.804z\"><\/path><\/svg><\/span><\/span>Entretien d\u2019embauche<\/span><\/a><\/h1><style>.vcex-heading.vcex_69f4f92cb9767{color:#00adee;font-weight:700;}.vcex-heading.vcex_69f4f92cb9767:hover{color:var(--wpex-accent);}<\/style><h1 class=\"vcex-heading vcex-heading-plain vcex-module wpex-heading wpex-text-2xl wpex-text-center vcex_69f4f92cb9767\"><a href=\"https:\/\/www.coachingprofessionnel.be\/coaching-entretien-d-embauche-bruxelles\/\" class=\"wpex-no-underline wpex-inherit-color\" target=\"_self\"><span class=\"vcex-heading-inner wpex-inline-block\"><span class=\"vcex-heading-icon vcex-heading-icon-left vcex-icon-wrap wpex-mr-10\"><span class=\"wpex-icon wpex-icon--bidi\" aria-hidden=\"true\"><svg xmlns=\"http:\/\/www.w3.org\/2000\/svg\" viewBox=\"0 0 11 32\"><path d=\"M10.286 16q0 0.464-0.339 0.804l-8 8q-0.339 0.339-0.804 0.339t-0.804-0.339-0.339-0.804v-16q0-0.464 0.339-0.804t0.804-0.339 0.804 0.339l8 8q0.339 0.339 0.339 0.804z\"><\/path><\/svg><\/span><\/span>Assessment<\/span><\/a><\/h1><style>.vcex-heading.vcex_69f4f92cb9b97{color:#00adee;font-weight:700;}.vcex-heading.vcex_69f4f92cb9b97:hover{color:var(--wpex-accent);}<\/style><h1 class=\"vcex-heading vcex-heading-plain vcex-module wpex-heading wpex-text-2xl wpex-text-center vcex_69f4f92cb9b97\"><a href=\"#\" class=\"wpex-no-underline wpex-inherit-color\" target=\"_self\"><span class=\"vcex-heading-inner wpex-inline-block\"><span class=\"vcex-heading-icon vcex-heading-icon-left vcex-icon-wrap wpex-mr-10\"><span class=\"wpex-icon wpex-icon--bidi\" aria-hidden=\"true\"><svg xmlns=\"http:\/\/www.w3.org\/2000\/svg\" viewBox=\"0 0 11 32\"><path d=\"M10.286 16q0 0.464-0.339 0.804l-8 8q-0.339 0.339-0.804 0.339t-0.804-0.339-0.339-0.804v-16q0-0.464 0.339-0.804t0.804-0.339 0.804 0.339l8 8q0.339 0.339 0.339 0.804z\"><\/path><\/svg><\/span><\/span>Entretien d\u2019\u00e9valuation<\/span><\/a><\/h1>[\/vc_column][vc_column width=\u00a0\u00bb1\/3&Prime;][vc_single_image image=\u00a0\u00bb834&Prime; img_size=\u00a0\u00bblarge\u00a0\u00bb alignment=\u00a0\u00bbcenter\u00a0\u00bb onclick=\u00a0\u00bbcustom_link\u00a0\u00bb img_link=\u00a0\u00bbhttps:\/\/www.coachingprofessionnel.be\/coaching-professionnel\/\u00a0\u00bb link=\u00a0\u00bbhttps:\/\/www.coachingprofessionnel.be\/coaching-professionnel\/\u00a0\u00bb]<style>.vcex-heading.vcex_69f4f92cb9fef{color:#00adee;font-weight:700;}.vcex-heading.vcex_69f4f92cb9fef:hover{color:var(--wpex-accent);}<\/style><h1 class=\"vcex-heading vcex-heading-plain vcex-module wpex-heading wpex-text-2xl wpex-text-left vc_custom_1613125361342 vcex_69f4f92cb9fef\"><a href=\"https:\/\/www.coachingprofessionnel.be\/coaching-de-vie-developpement-personnel\/\" class=\"wpex-no-underline wpex-inherit-color\" target=\"_self\"><span class=\"vcex-heading-inner wpex-inline-block\"><span class=\"vcex-heading-icon vcex-heading-icon-left vcex-icon-wrap wpex-mr-10\"><span class=\"wpex-icon wpex-icon--bidi\" aria-hidden=\"true\"><svg xmlns=\"http:\/\/www.w3.org\/2000\/svg\" viewBox=\"0 0 11 32\"><path d=\"M10.286 16q0 0.464-0.339 0.804l-8 8q-0.339 0.339-0.804 0.339t-0.804-0.339-0.339-0.804v-16q0-0.464 0.339-0.804t0.804-0.339 0.804 0.339l8 8q0.339 0.339 0.339 0.804z\"><\/path><\/svg><\/span><\/span>D\u00e9veloppement personnel<\/span><\/a><\/h1><style>.vcex-heading.vcex_69f4f92cba418{color:#00adee;}.vcex-heading.vcex_69f4f92cba418:hover{color:var(--wpex-accent);}<\/style><h2 class=\"vcex-heading vcex-heading-plain vcex-module wpex-heading wpex-text-2xl wpex-text-left vc_custom_1613125371341 vcex_69f4f92cba418\"><a href=\"https:\/\/www.coachingprofessionnel.be\/coaching-de-vie-developpement-personnel\/\" class=\"wpex-no-underline wpex-inherit-color\" target=\"_self\"><span class=\"vcex-heading-inner wpex-inline-block\">- Equilibre et changement de vie<br \/>\n- Confiance en soi - estime de soi<br \/>\n- Assertivit\u00e9<br \/>\n- Stress et \u00e9motions<br \/>\n- Gestion du temps<br \/>\n- Motivation<\/span><\/a><\/h2>[\/vc_column][vc_column width=\u00a0\u00bb1\/3&Prime;][\/vc_column][\/vc_row][vc_row full_width=\u00a0\u00bbstretch_row\u00a0\u00bb css=\u00a0\u00bb.vc_custom_1613046470275{background-color: #f4f4f4 !important;}\u00a0\u00bb][vc_column]<div class=\"vcex-spacing wpex-w-100 wpex-clear\" style=\"height:35px;\"><\/div>[vc_column_text]\n<p style=\"text-align: center;\"><span style=\"font-size: 20px; color: #00adee;\">\u00abL&rsquo;esprit est comme un parachute. Il ne fonctionne que lorsqu&rsquo;il est ouvert.\u00bb<\/span> <span style=\"color: #00adee;\"> Sir James Dewar 1877-1925<\/span><\/p>\n<p style=\"text-align: center;\"><span style=\"font-size: 20px; color: #00adee;\">En tant que <strong>psychologue et coach professionnelle<\/strong>, j\u2019accompagne votre d\u00e9veloppement ou changement, quelles que soient votre sp\u00e9cialisation et situation, afin que vous puissiez passer un cap vers un \u00ab\u00a0mieux-\u00eatre\u00a0\u00bb.<\/span><\/p>\n[\/vc_column_text]<div class=\"vcex-spacing wpex-w-100 wpex-clear\" style=\"height:35px;\"><\/div>[\/vc_column][\/vc_row][vc_row bg_style=\u00a0\u00bbstretch\u00a0\u00bb border_style=\u00a0\u00bbsolid\u00a0\u00bb][vc_column]<div class=\"vcex-spacing wpex-w-100 wpex-clear\" style=\"height:40px;\"><\/div>[vc_column_text font_size=\u00a0\u00bb20&Prime;]\n<h2 style=\"text-align: center; color: #00adee;\">En savoir plus\u2026<\/h2>\n[\/vc_column_text]<div class=\"vcex-spacing wpex-w-100 wpex-clear\" style=\"height:20px;\"><\/div>[vc_separator][\/vc_column][\/vc_row][vc_row bg_style=\u00a0\u00bbstretch\u00a0\u00bb border_style=\u00a0\u00bbsolid\u00a0\u00bb][vc_column][vc_column_text]\n<div style=\"width: 980px;\" class=\"wp-video\"><!--[if lt IE 9]><script>document.createElement('video');<\/script><![endif]-->\n<video class=\"wp-video-shortcode\" id=\"video-811-1\" width=\"980\" height=\"551\" poster=\"https:\/\/www.coachingprofessionnel.be\/file\/2019\/02\/image-video.jpg\" preload=\"metadata\" controls=\"controls\"><source type=\"video\/mp4\" src=\"https:\/\/www.coachingprofessionnel.be\/file\/2019\/05\/Kalei-video-web-2.mp4?_=1\" \/><a href=\"https:\/\/www.coachingprofessionnel.be\/file\/2019\/05\/Kalei-video-web-2.mp4\">https:\/\/www.coachingprofessionnel.be\/file\/2019\/05\/Kalei-video-web-2.mp4<\/a><\/video><\/div>\n[\/vc_column_text][\/vc_column][\/vc_row][vc_row bg_style=\u00a0\u00bbstretch\u00a0\u00bb border_style=\u00a0\u00bbsolid\u00a0\u00bb][vc_column][vc_column_text font_size=\u00a0\u00bb20&Prime;]\n<h2 style=\"text-align: center; color: #00adee;\">Coaching professionnel<\/h2>\n[\/vc_column_text][\/vc_column][\/vc_row][vc_row bg_style=\u00a0\u00bbstretch\u00a0\u00bb border_style=\u00a0\u00bbsolid\u00a0\u00bb][vc_column]<div class=\"vcex-spacing wpex-w-100 wpex-clear\" style=\"height:40px;\"><\/div>[vc_text_separator title=\u00a0\u00bbQuestions fr\u00e9quemment pos\u00e9es\u00a0\u00bb title_align=\u00a0\u00bbseparator_align_left\u00a0\u00bb style=\u00a0\u00bbtwo\u00a0\u00bb element_type=\u00a0\u00bbdiv\u00a0\u00bb font_size=\u00a0\u00bb17px\u00a0\u00bb]<div class=\"vcex-spacing wpex-w-100 wpex-clear\" style=\"height:10px;\"><\/div>[\/vc_column][\/vc_row][vc_row][vc_column width=\u00a0\u00bb2\/3&Prime;]<style>.vcex-list_item.vcex_69f4f92cbb27e .vcex-list-item-icon{margin-inline-end:10px;}.vcex-list_item.vcex_69f4f92cbb27e .vcex-list-item-icon-inner{color:#00adee;}<\/style><div class=\"vcex-list_item vcex-module wpex-m-0 wpex-max-w-100 wpex-mb-5 vcex_69f4f92cbb27e\"><a href=\"http:\/\/www.coachingprofessionnel.be\/trouver-un-coach-professionnel-un-coach-de-vie-a-bruxelles\/\" class=\"vcex-list-item-link wpex-no-underline\"><div class=\"vcex-list-item-inner wpex-inline-flex wpex-flex-no-wrap\"><div class=\"vcex-list-item-icon wpex-mr-10\"><div class=\"vcex-list-item-icon-inner vcex-icon-wrap wpex-inline-flex wpex-justify-center wpex-items-center wpex-leading-none wpex-child-inherit-color\"><span class=\"wpex-icon--w wpex-icon wpex-icon--bidi\" aria-hidden=\"true\"><svg xmlns=\"http:\/\/www.w3.org\/2000\/svg\" viewBox=\"0 0 448 512\"><path d=\"M438.6 278.6c12.5-12.5 12.5-32.8 0-45.3l-160-160c-12.5-12.5-32.8-12.5-45.3 0s-12.5 32.8 0 45.3L338.8 224 32 224c-17.7 0-32 14.3-32 32s14.3 32 32 32l306.7 0L233.4 393.4c-12.5 12.5-12.5 32.8 0 45.3s32.8 12.5 45.3 0l160-160z\"\/><\/svg><\/span><\/div><\/div><div class=\"vcex-list-item-text vcex-content wpex-flex-grow\">Comment trouver un coach professionnel ou un coach de vie \u00e0 Bruxelles?<\/div><\/div><\/a><\/div><style>.vcex-list_item.vcex_69f4f92cbb89a .vcex-list-item-icon{margin-inline-end:12px;}.vcex-list_item.vcex_69f4f92cbb89a .vcex-list-item-icon-inner{color:#00adee;}<\/style><div class=\"vcex-list_item vcex-module wpex-m-0 wpex-max-w-100 wpex-mb-5 vcex_69f4f92cbb89a\"><a href=\"http:\/\/www.coachingprofessionnel.be\/vous-avez-dit-coaching\/\" class=\"vcex-list-item-link wpex-no-underline\"><div class=\"vcex-list-item-inner wpex-inline-flex wpex-flex-no-wrap\"><div class=\"vcex-list-item-icon wpex-mr-10\"><div class=\"vcex-list-item-icon-inner vcex-icon-wrap wpex-inline-flex wpex-justify-center wpex-items-center wpex-leading-none wpex-child-inherit-color\"><span class=\"wpex-icon--w wpex-icon wpex-icon--bidi\" aria-hidden=\"true\"><svg xmlns=\"http:\/\/www.w3.org\/2000\/svg\" viewBox=\"0 0 448 512\"><path d=\"M438.6 278.6c12.5-12.5 12.5-32.8 0-45.3l-160-160c-12.5-12.5-32.8-12.5-45.3 0s-12.5 32.8 0 45.3L338.8 224 32 224c-17.7 0-32 14.3-32 32s14.3 32 32 32l306.7 0L233.4 393.4c-12.5 12.5-12.5 32.8 0 45.3s32.8 12.5 45.3 0l160-160z\"\/><\/svg><\/span><\/div><\/div><div class=\"vcex-list-item-text vcex-content wpex-flex-grow\">Vous avez dit \u00ab Coaching \u00bb?<\/div><\/div><\/a><\/div><style>.vcex-list_item.vcex_69f4f92cbbc2c .vcex-list-item-icon{margin-inline-end:10px;}.vcex-list_item.vcex_69f4f92cbbc2c .vcex-list-item-icon-inner{color:#00adee;}<\/style><div class=\"vcex-list_item vcex-module wpex-m-0 wpex-max-w-100 wpex-mb-5 vcex_69f4f92cbbc2c\"><a href=\"http:\/\/www.coachingprofessionnel.be\/comment-se-passe-un-coaching\/\" class=\"vcex-list-item-link wpex-no-underline\"><div class=\"vcex-list-item-inner wpex-inline-flex wpex-flex-no-wrap\"><div class=\"vcex-list-item-icon wpex-mr-10\"><div class=\"vcex-list-item-icon-inner vcex-icon-wrap wpex-inline-flex wpex-justify-center wpex-items-center wpex-leading-none wpex-child-inherit-color\"><span class=\"wpex-icon--w wpex-icon wpex-icon--bidi\" aria-hidden=\"true\"><svg xmlns=\"http:\/\/www.w3.org\/2000\/svg\" viewBox=\"0 0 448 512\"><path d=\"M438.6 278.6c12.5-12.5 12.5-32.8 0-45.3l-160-160c-12.5-12.5-32.8-12.5-45.3 0s-12.5 32.8 0 45.3L338.8 224 32 224c-17.7 0-32 14.3-32 32s14.3 32 32 32l306.7 0L233.4 393.4c-12.5 12.5-12.5 32.8 0 45.3s32.8 12.5 45.3 0l160-160z\"\/><\/svg><\/span><\/div><\/div><div class=\"vcex-list-item-text vcex-content wpex-flex-grow\">Comment se passe un coaching ?<\/div><\/div><\/a><\/div><style>.vcex-list_item.vcex_69f4f92cbbfd8 .vcex-list-item-icon{margin-inline-end:10px;}.vcex-list_item.vcex_69f4f92cbbfd8 .vcex-list-item-icon-inner{color:#00adee;}<\/style><div class=\"vcex-list_item vcex-module wpex-m-0 wpex-max-w-100 wpex-mb-5 vcex_69f4f92cbbfd8\"><a href=\"http:\/\/www.coachingprofessionnel.be\/quelle-est-la-duree-coaching\/\" class=\"vcex-list-item-link wpex-no-underline\"><div class=\"vcex-list-item-inner wpex-inline-flex wpex-flex-no-wrap\"><div class=\"vcex-list-item-icon wpex-mr-10\"><div class=\"vcex-list-item-icon-inner vcex-icon-wrap wpex-inline-flex wpex-justify-center wpex-items-center wpex-leading-none wpex-child-inherit-color\"><span class=\"wpex-icon--w wpex-icon wpex-icon--bidi\" aria-hidden=\"true\"><svg xmlns=\"http:\/\/www.w3.org\/2000\/svg\" viewBox=\"0 0 448 512\"><path d=\"M438.6 278.6c12.5-12.5 12.5-32.8 0-45.3l-160-160c-12.5-12.5-32.8-12.5-45.3 0s-12.5 32.8 0 45.3L338.8 224 32 224c-17.7 0-32 14.3-32 32s14.3 32 32 32l306.7 0L233.4 393.4c-12.5 12.5-12.5 32.8 0 45.3s32.8 12.5 45.3 0l160-160z\"\/><\/svg><\/span><\/div><\/div><div class=\"vcex-list-item-text vcex-content wpex-flex-grow\">Quelle est la dur\u00e9e d\u2019un coaching ?<\/div><\/div><\/a><\/div><style>.vcex-list_item.vcex_69f4f92cbc363 .vcex-list-item-icon{margin-inline-end:10px;}.vcex-list_item.vcex_69f4f92cbc363 .vcex-list-item-icon-inner{color:#00adee;}<\/style><div class=\"vcex-list_item vcex-module wpex-m-0 wpex-max-w-100 wpex-mb-5 vcex_69f4f92cbc363\"><a href=\"http:\/\/www.coachingprofessionnel.be\/a-qui-sadresse-le-coaching-individuel\/\" class=\"vcex-list-item-link wpex-no-underline\"><div class=\"vcex-list-item-inner wpex-inline-flex wpex-flex-no-wrap\"><div class=\"vcex-list-item-icon wpex-mr-10\"><div class=\"vcex-list-item-icon-inner vcex-icon-wrap wpex-inline-flex wpex-justify-center wpex-items-center wpex-leading-none wpex-child-inherit-color\"><span class=\"wpex-icon--w wpex-icon wpex-icon--bidi\" aria-hidden=\"true\"><svg xmlns=\"http:\/\/www.w3.org\/2000\/svg\" viewBox=\"0 0 448 512\"><path d=\"M438.6 278.6c12.5-12.5 12.5-32.8 0-45.3l-160-160c-12.5-12.5-32.8-12.5-45.3 0s-12.5 32.8 0 45.3L338.8 224 32 224c-17.7 0-32 14.3-32 32s14.3 32 32 32l306.7 0L233.4 393.4c-12.5 12.5-12.5 32.8 0 45.3s32.8 12.5 45.3 0l160-160z\"\/><\/svg><\/span><\/div><\/div><div class=\"vcex-list-item-text vcex-content wpex-flex-grow\">A qui s\u2019adresse le coaching individuel ? <\/div><\/div><\/a><\/div>[\/vc_column][vc_column width=\u00a0\u00bb1\/3&Prime;][vc_single_image image=\u00a0\u00bb142&Prime; img_filter=\u00a0\u00bbnone\u00a0\u00bb][\/vc_column][\/vc_row]\n<\/div>","protected":false},"excerpt":{"rendered":"<p>[vc_row full_width=\u00a0\u00bbstretch_row_content\u00a0\u00bb bg_style=\u00a0\u00bbstretch\u00a0\u00bb local_scroll_id=\u00a0\u00bbhome\u00a0\u00bb css=\u00a0\u00bb.vc_custom_1612970922045{margin-top: 20px !important;padding-right: 50px !important;padding-left: 50px !important;}\u00a0\u00bb][vc_column width=\u00a0\u00bb1\/3&Prime;][vc_single_image image=\u00a0\u00bb830&Prime; img_size=\u00a0\u00bblarge\u00a0\u00bb alignment=\u00a0\u00bbcenter\u00a0\u00bb onclick=\u00a0\u00bbcustom_link\u00a0\u00bb img_link=\u00a0\u00bbhttps:\/\/www.coachingprofessionnel.be\/coaching-de-vie\/\u00a0\u00bb link=\u00a0\u00bbhttps:\/\/www.coachingprofessionnel.be\/coaching-de-vie-developpement-personnel\u00a0\u00bb][\/vc_column][vc_column width=\u00a0\u00bb1\/3&Prime;][vc_single_image image=\u00a0\u00bb831&Prime; img_size=\u00a0\u00bblarge\u00a0\u00bb alignment=\u00a0\u00bbcenter\u00a0\u00bb onclick=\u00a0\u00bbcustom_link\u00a0\u00bb img_link=\u00a0\u00bbhttps:\/\/www.coachingprofessionnel.be\/coaching-professionnel\/\u00a0\u00bb link=\u00a0\u00bbhttps:\/\/www.coachingprofessionnel.be\/coaching-professionnel\/\u00a0\u00bb][\/vc_column][vc_column width=\u00a0\u00bb1\/3&Prime;][vc_single_image image=\u00a0\u00bb832&Prime; img_size=\u00a0\u00bblarge\u00a0\u00bb alignment=\u00a0\u00bbcenter\u00a0\u00bb onclick=\u00a0\u00bbcustom_link\u00a0\u00bb img_link=\u00a0\u00bbhttps:\/\/www.coachingprofessionnel.be\/coaching-professionnel\/\u00a0\u00bb link=\u00a0\u00bbhttps:\/\/www.coachingprofessionnel.be\/coaching-professionnel\/\u00a0\u00bb][\/vc_column][\/vc_row][vc_row full_width=\u00a0\u00bbstretch_row_content\u00a0\u00bb bg_style=\u00a0\u00bbstretch\u00a0\u00bb local_scroll_id=\u00a0\u00bbhome\u00a0\u00bb css=\u00a0\u00bb.vc_custom_1612970922045{margin-top: 20px !important;padding-right: 50px !important;padding-left: 50px !important;}\u00a0\u00bb][vc_column width=\u00a0\u00bb1\/3&Prime;][vc_single_image image=\u00a0\u00bb833&Prime; img_size=\u00a0\u00bblarge\u00a0\u00bb alignment=\u00a0\u00bbcenter\u00a0\u00bb onclick=\u00a0\u00bbcustom_link\u00a0\u00bb img_link=\u00a0\u00bbhttps:\/\/www.coachingprofessionnel.be\/coaching-de-vie\/\u00a0\u00bb link=\u00a0\u00bbhttps:\/\/www.coachingprofessionnel.be\/coaching-de-vie-developpement-personnel\u00a0\u00bb][\/vc_column][vc_column width=\u00a0\u00bb1\/3&Prime;][vc_single_image image=\u00a0\u00bb834&Prime; img_size=\u00a0\u00bblarge\u00a0\u00bb alignment=\u00a0\u00bbcenter\u00a0\u00bb onclick=\u00a0\u00bbcustom_link\u00a0\u00bb img_link=\u00a0\u00bbhttps:\/\/www.coachingprofessionnel.be\/coaching-professionnel\/\u00a0\u00bb&hellip;<\/p>\n","protected":false},"author":1,"featured_media":0,"parent":0,"menu_order":0,"comment_status":"open","ping_status":"open","template":"","meta":{"footnotes":""},"class_list":["post-811","page","type-page","status-publish","hentry","entry","no-media"],"yoast_head":"<!-- This site is optimized with the Yoast SEO plugin v23.9 - https:\/\/yoast.com\/wordpress\/plugins\/seo\/ -->\n<title>coaching professionnel Bruxelles coach coaching de vie<\/title>\n<meta name=\"description\" content=\"Kal\u00e9i, coaching professionnel ou coaching de vie par un coach certifi\u00e9 \u00e0 Bruxelles. Coaching somatique. Ateliers de d\u00e9veloppement personnel ou professionnel\" \/>\n<meta name=\"robots\" content=\"index, follow, max-snippet:-1, max-image-preview:large, max-video-preview:-1\" \/>\n<link rel=\"canonical\" href=\"https:\/\/www.coachingprofessionnel.be\/accueil-2\/\" \/>\n<meta property=\"og:locale\" content=\"fr_FR\" \/>\n<meta property=\"og:type\" content=\"article\" \/>\n<meta property=\"og:title\" content=\"coaching professionnel Bruxelles coach coaching de vie\" \/>\n<meta property=\"og:description\" content=\"Kal\u00e9i, coaching professionnel ou coaching de vie par un coach certifi\u00e9 \u00e0 Bruxelles. Coaching somatique. Ateliers de d\u00e9veloppement personnel ou professionnel\" \/>\n<meta property=\"og:url\" content=\"https:\/\/www.coachingprofessionnel.be\/accueil-2\/\" \/>\n<meta property=\"og:site_name\" content=\"coaching professionnel\" \/>\n<meta property=\"article:modified_time\" content=\"2021-02-12T22:29:53+00:00\" \/>\n<meta name=\"twitter:card\" content=\"summary_large_image\" \/>\n<meta name=\"twitter:label1\" content=\"Dur\u00e9e de lecture estim\u00e9e\" \/>\n\t<meta name=\"twitter:data1\" content=\"2 minutes\" \/>\n<script type=\"application\/ld+json\" class=\"yoast-schema-graph\">{\"@context\":\"https:\/\/schema.org\",\"@graph\":[{\"@type\":\"WebPage\",\"@id\":\"https:\/\/www.coachingprofessionnel.be\/accueil-2\/\",\"url\":\"https:\/\/www.coachingprofessionnel.be\/accueil-2\/\",\"name\":\"coaching professionnel Bruxelles coach coaching de vie\",\"isPartOf\":{\"@id\":\"https:\/\/www.coachingprofessionnel.be\/#website\"},\"datePublished\":\"2021-02-10T14:46:18+00:00\",\"dateModified\":\"2021-02-12T22:29:53+00:00\",\"description\":\"Kal\u00e9i, coaching professionnel ou coaching de vie par un coach certifi\u00e9 \u00e0 Bruxelles. Coaching somatique. Ateliers de d\u00e9veloppement personnel ou professionnel\",\"breadcrumb\":{\"@id\":\"https:\/\/www.coachingprofessionnel.be\/accueil-2\/#breadcrumb\"},\"inLanguage\":\"fr-FR\",\"potentialAction\":[{\"@type\":\"ReadAction\",\"target\":[\"https:\/\/www.coachingprofessionnel.be\/accueil-2\/\"]}]},{\"@type\":\"BreadcrumbList\",\"@id\":\"https:\/\/www.coachingprofessionnel.be\/accueil-2\/#breadcrumb\",\"itemListElement\":[{\"@type\":\"ListItem\",\"position\":1,\"name\":\"Accueil\",\"item\":\"https:\/\/www.coachingprofessionnel.be\/\"},{\"@type\":\"ListItem\",\"position\":2,\"name\":\"Accueil2\"}]},{\"@type\":\"WebSite\",\"@id\":\"https:\/\/www.coachingprofessionnel.be\/#website\",\"url\":\"https:\/\/www.coachingprofessionnel.be\/\",\"name\":\"coaching professionnel\",\"description\":\"coaching professionnel Kal\u00e9i\",\"publisher\":{\"@id\":\"https:\/\/www.coachingprofessionnel.be\/#organization\"},\"potentialAction\":[{\"@type\":\"SearchAction\",\"target\":{\"@type\":\"EntryPoint\",\"urlTemplate\":\"https:\/\/www.coachingprofessionnel.be\/?s={search_term_string}\"},\"query-input\":{\"@type\":\"PropertyValueSpecification\",\"valueRequired\":true,\"valueName\":\"search_term_string\"}}],\"inLanguage\":\"fr-FR\"},{\"@type\":\"Organization\",\"@id\":\"https:\/\/www.coachingprofessionnel.be\/#organization\",\"name\":\"coaching professionnel\",\"url\":\"https:\/\/www.coachingprofessionnel.be\/\",\"logo\":{\"@type\":\"ImageObject\",\"inLanguage\":\"fr-FR\",\"@id\":\"https:\/\/www.coachingprofessionnel.be\/#\/schema\/logo\/image\/\",\"url\":\"https:\/\/www.coachingprofessionnel.be\/file\/2014\/02\/logo.png\",\"contentUrl\":\"https:\/\/www.coachingprofessionnel.be\/file\/2014\/02\/logo.png\",\"width\":155,\"height\":80,\"caption\":\"coaching professionnel\"},\"image\":{\"@id\":\"https:\/\/www.coachingprofessionnel.be\/#\/schema\/logo\/image\/\"}}]}<\/script>\n<!-- \/ Yoast SEO plugin. -->","yoast_head_json":{"title":"coaching professionnel Bruxelles coach coaching de vie","description":"Kal\u00e9i, coaching professionnel ou coaching de vie par un coach certifi\u00e9 \u00e0 Bruxelles. Coaching somatique. Ateliers de d\u00e9veloppement personnel ou professionnel","robots":{"index":"index","follow":"follow","max-snippet":"max-snippet:-1","max-image-preview":"max-image-preview:large","max-video-preview":"max-video-preview:-1"},"canonical":"https:\/\/www.coachingprofessionnel.be\/accueil-2\/","og_locale":"fr_FR","og_type":"article","og_title":"coaching professionnel Bruxelles coach coaching de vie","og_description":"Kal\u00e9i, coaching professionnel ou coaching de vie par un coach certifi\u00e9 \u00e0 Bruxelles. Coaching somatique. Ateliers de d\u00e9veloppement personnel ou professionnel","og_url":"https:\/\/www.coachingprofessionnel.be\/accueil-2\/","og_site_name":"coaching professionnel","article_modified_time":"2021-02-12T22:29:53+00:00","twitter_card":"summary_large_image","twitter_misc":{"Dur\u00e9e de lecture estim\u00e9e":"2 minutes"},"schema":{"@context":"https:\/\/schema.org","@graph":[{"@type":"WebPage","@id":"https:\/\/www.coachingprofessionnel.be\/accueil-2\/","url":"https:\/\/www.coachingprofessionnel.be\/accueil-2\/","name":"coaching professionnel Bruxelles coach coaching de vie","isPartOf":{"@id":"https:\/\/www.coachingprofessionnel.be\/#website"},"datePublished":"2021-02-10T14:46:18+00:00","dateModified":"2021-02-12T22:29:53+00:00","description":"Kal\u00e9i, coaching professionnel ou coaching de vie par un coach certifi\u00e9 \u00e0 Bruxelles. Coaching somatique. Ateliers de d\u00e9veloppement personnel ou professionnel","breadcrumb":{"@id":"https:\/\/www.coachingprofessionnel.be\/accueil-2\/#breadcrumb"},"inLanguage":"fr-FR","potentialAction":[{"@type":"ReadAction","target":["https:\/\/www.coachingprofessionnel.be\/accueil-2\/"]}]},{"@type":"BreadcrumbList","@id":"https:\/\/www.coachingprofessionnel.be\/accueil-2\/#breadcrumb","itemListElement":[{"@type":"ListItem","position":1,"name":"Accueil","item":"https:\/\/www.coachingprofessionnel.be\/"},{"@type":"ListItem","position":2,"name":"Accueil2"}]},{"@type":"WebSite","@id":"https:\/\/www.coachingprofessionnel.be\/#website","url":"https:\/\/www.coachingprofessionnel.be\/","name":"coaching professionnel","description":"coaching professionnel Kal\u00e9i","publisher":{"@id":"https:\/\/www.coachingprofessionnel.be\/#organization"},"potentialAction":[{"@type":"SearchAction","target":{"@type":"EntryPoint","urlTemplate":"https:\/\/www.coachingprofessionnel.be\/?s={search_term_string}"},"query-input":{"@type":"PropertyValueSpecification","valueRequired":true,"valueName":"search_term_string"}}],"inLanguage":"fr-FR"},{"@type":"Organization","@id":"https:\/\/www.coachingprofessionnel.be\/#organization","name":"coaching professionnel","url":"https:\/\/www.coachingprofessionnel.be\/","logo":{"@type":"ImageObject","inLanguage":"fr-FR","@id":"https:\/\/www.coachingprofessionnel.be\/#\/schema\/logo\/image\/","url":"https:\/\/www.coachingprofessionnel.be\/file\/2014\/02\/logo.png","contentUrl":"https:\/\/www.coachingprofessionnel.be\/file\/2014\/02\/logo.png","width":155,"height":80,"caption":"coaching professionnel"},"image":{"@id":"https:\/\/www.coachingprofessionnel.be\/#\/schema\/logo\/image\/"}}]}},"_links":{"self":[{"href":"https:\/\/www.coachingprofessionnel.be\/rest\/wp\/v2\/pages\/811","targetHints":{"allow":["GET"]}}],"collection":[{"href":"https:\/\/www.coachingprofessionnel.be\/rest\/wp\/v2\/pages"}],"about":[{"href":"https:\/\/www.coachingprofessionnel.be\/rest\/wp\/v2\/types\/page"}],"author":[{"embeddable":true,"href":"https:\/\/www.coachingprofessionnel.be\/rest\/wp\/v2\/users\/1"}],"replies":[{"embeddable":true,"href":"https:\/\/www.coachingprofessionnel.be\/rest\/wp\/v2\/comments?post=811"}],"version-history":[{"count":0,"href":"https:\/\/www.coachingprofessionnel.be\/rest\/wp\/v2\/pages\/811\/revisions"}],"wp:attachment":[{"href":"https:\/\/www.coachingprofessionnel.be\/rest\/wp\/v2\/media?parent=811"}],"curies":[{"name":"wp","href":"https:\/\/api.w.org\/{rel}","templated":true}]}}