{"id":868,"date":"2021-02-11T23:10:14","date_gmt":"2021-02-11T22:10:14","guid":{"rendered":"https:\/\/www.coachingprofessionnel.be\/?page_id=868"},"modified":"2021-02-12T11:12:34","modified_gmt":"2021-02-12T10:12:34","slug":"coaching-de-transition-reconversion-souhaite-un-changement","status":"publish","type":"page","link":"https:\/\/www.coachingprofessionnel.be\/coaching-de-transition-reconversion-souhaite-un-changement\/","title":{"rendered":"Coaching de transition \/ reconversion souhaite un changement"},"content":{"rendered":"<div class=\"wpb-content-wrapper\">[vc_row][vc_column width=\u00a0\u00bb1\/2&Prime;][vc_single_image image=\u00a0\u00bb831&Prime;][\/vc_column][vc_column width=\u00a0\u00bb1\/2&Prime;][vc_column_text]J\u2019accompagne toute personne qui <u><b>souhaite<\/b><\/u><b> un changement<\/b>.[\/vc_column_text]<div class=\"vcex-spacing wpex-w-100 wpex-clear\" style=\"height:8px;\"><\/div><style>.vcex-bullets.vcex_69f25ab33b9e9 .vcex-bullets-icon{color:#8dc73f;}<\/style><div class=\"vcex-module vcex-bullets vcex-bullets--vertical custom-icon vcex_69f25ab33b9e9\">\n<ul role=\"list\">\n<li><div class=\"vcex-bullets-ci-wrap wpex-inline-flex\"><span class=\"vcex-bullets-icon-wrap vcex-icon-wrap wpex-mr-10\"><span class=\"vcex-bullets-icon vcex-icon wpex-icon\" aria-hidden=\"true\"><svg xmlns=\"http:\/\/www.w3.org\/2000\/svg\" viewBox=\"0 0 448 512\"><path d=\"M438.6 105.4c12.5 12.5 12.5 32.8 0 45.3l-256 256c-12.5 12.5-32.8 12.5-45.3 0l-128-128c-12.5-12.5-12.5-32.8 0-45.3s32.8-12.5 45.3 0L160 338.7 393.4 105.4c12.5-12.5 32.8-12.5 45.3 0z\"\/><\/svg><\/span><\/span><div class=\"vcex-content wpex-flex-grow\">Retour \u00e0 la vie professionnelle autrement<\/div><\/div><\/li>\n<li><div class=\"vcex-bullets-ci-wrap wpex-inline-flex\"><span class=\"vcex-bullets-icon-wrap vcex-icon-wrap wpex-mr-10\"><span class=\"vcex-bullets-icon vcex-icon wpex-icon\" aria-hidden=\"true\"><svg xmlns=\"http:\/\/www.w3.org\/2000\/svg\" viewBox=\"0 0 448 512\"><path d=\"M438.6 105.4c12.5 12.5 12.5 32.8 0 45.3l-256 256c-12.5 12.5-32.8 12.5-45.3 0l-128-128c-12.5-12.5-12.5-32.8 0-45.3s32.8-12.5 45.3 0L160 338.7 393.4 105.4c12.5-12.5 32.8-12.5 45.3 0z\"\/><\/svg><\/span><\/span><div class=\"vcex-content wpex-flex-grow\">Envie d\u2019\u00e9voluer<\/div><\/div><\/li>\n<li><div class=\"vcex-bullets-ci-wrap wpex-inline-flex\"><span class=\"vcex-bullets-icon-wrap vcex-icon-wrap wpex-mr-10\"><span class=\"vcex-bullets-icon vcex-icon wpex-icon\" aria-hidden=\"true\"><svg xmlns=\"http:\/\/www.w3.org\/2000\/svg\" viewBox=\"0 0 448 512\"><path d=\"M438.6 105.4c12.5 12.5 12.5 32.8 0 45.3l-256 256c-12.5 12.5-32.8 12.5-45.3 0l-128-128c-12.5-12.5-12.5-32.8 0-45.3s32.8-12.5 45.3 0L160 338.7 393.4 105.4c12.5-12.5 32.8-12.5 45.3 0z\"\/><\/svg><\/span><\/span><div class=\"vcex-content wpex-flex-grow\">Oser ce qu\u2019on a toujours voulu faire<\/div><\/div><\/li>\n<li><div class=\"vcex-bullets-ci-wrap wpex-inline-flex\"><span class=\"vcex-bullets-icon-wrap vcex-icon-wrap wpex-mr-10\"><span class=\"vcex-bullets-icon vcex-icon wpex-icon\" aria-hidden=\"true\"><svg xmlns=\"http:\/\/www.w3.org\/2000\/svg\" viewBox=\"0 0 448 512\"><path d=\"M438.6 105.4c12.5 12.5 12.5 32.8 0 45.3l-256 256c-12.5 12.5-32.8 12.5-45.3 0l-128-128c-12.5-12.5-12.5-32.8 0-45.3s32.8-12.5 45.3 0L160 338.7 393.4 105.4c12.5-12.5 32.8-12.5 45.3 0z\"\/><\/svg><\/span><\/span><div class=\"vcex-content wpex-flex-grow\">Opportunit\u00e9s qui se pr\u00e9sentent<\/div><\/div><\/li>\n<\/ul>\n<\/div><div class=\"vcex-spacing wpex-w-100 wpex-clear\" style=\"height:8px;\"><\/div>[vc_column_text]<b>Le coaching de transition\/reconversion <\/b>vous permet d\u2019envisager un changement partiel ou \u00e0 180\u00b0.[\/vc_column_text]<div class=\"vcex-spacing wpex-w-100 wpex-clear\" style=\"height:8px;\"><\/div><style>.vcex-heading.vcex_69f25ab33e4eb{color:#00adee;font-size:20px;}<\/style><div class=\"vcex-heading vcex-heading-plain vcex-module wpex-heading wpex-text-2xl vcex_69f25ab33e4eb\"><span class=\"vcex-heading-inner wpex-inline-block\">Processus<\/span><\/div><div class=\"vcex-spacing wpex-w-100 wpex-clear\" style=\"height:8px;\"><\/div><style>.vcex-bullets.vcex_69f25ab33f7af .vcex-bullets-icon{color:#8dc73f;}<\/style><div class=\"vcex-module vcex-bullets vcex-bullets--vertical custom-icon vcex_69f25ab33f7af\">\n<ul role=\"list\">\n<li><div class=\"vcex-bullets-ci-wrap wpex-inline-flex\"><span class=\"vcex-bullets-icon-wrap vcex-icon-wrap wpex-mr-10\"><span class=\"vcex-bullets-icon vcex-icon wpex-icon\" aria-hidden=\"true\"><svg xmlns=\"http:\/\/www.w3.org\/2000\/svg\" viewBox=\"0 0 448 512\"><path d=\"M438.6 105.4c12.5 12.5 12.5 32.8 0 45.3l-256 256c-12.5 12.5-32.8 12.5-45.3 0l-128-128c-12.5-12.5-12.5-32.8 0-45.3s32.8-12.5 45.3 0L160 338.7 393.4 105.4c12.5-12.5 32.8-12.5 45.3 0z\"\/><\/svg><\/span><\/span><div class=\"vcex-content wpex-flex-grow\">Analyser votre parcours de vie et identifier les \u00e9l\u00e9ments cl\u00e9s<\/div><\/div><\/li>\n<li><div class=\"vcex-bullets-ci-wrap wpex-inline-flex\"><span class=\"vcex-bullets-icon-wrap vcex-icon-wrap wpex-mr-10\"><span class=\"vcex-bullets-icon vcex-icon wpex-icon\" aria-hidden=\"true\"><svg xmlns=\"http:\/\/www.w3.org\/2000\/svg\" viewBox=\"0 0 448 512\"><path d=\"M438.6 105.4c12.5 12.5 12.5 32.8 0 45.3l-256 256c-12.5 12.5-32.8 12.5-45.3 0l-128-128c-12.5-12.5-12.5-32.8 0-45.3s32.8-12.5 45.3 0L160 338.7 393.4 105.4c12.5-12.5 32.8-12.5 45.3 0z\"\/><\/svg><\/span><\/span><div class=\"vcex-content wpex-flex-grow\">Relever vos sources de motivation et vos valeurs<\/div><\/div><\/li>\n<li><div class=\"vcex-bullets-ci-wrap wpex-inline-flex\"><span class=\"vcex-bullets-icon-wrap vcex-icon-wrap wpex-mr-10\"><span class=\"vcex-bullets-icon vcex-icon wpex-icon\" aria-hidden=\"true\"><svg xmlns=\"http:\/\/www.w3.org\/2000\/svg\" viewBox=\"0 0 448 512\"><path d=\"M438.6 105.4c12.5 12.5 12.5 32.8 0 45.3l-256 256c-12.5 12.5-32.8 12.5-45.3 0l-128-128c-12.5-12.5-12.5-32.8 0-45.3s32.8-12.5 45.3 0L160 338.7 393.4 105.4c12.5-12.5 32.8-12.5 45.3 0z\"\/><\/svg><\/span><\/span><div class=\"vcex-content wpex-flex-grow\">D\u00e9finir votre profil de personnalit\u00e9<\/div><\/div><\/li>\n<li><div class=\"vcex-bullets-ci-wrap wpex-inline-flex\"><span class=\"vcex-bullets-icon-wrap vcex-icon-wrap wpex-mr-10\"><span class=\"vcex-bullets-icon vcex-icon wpex-icon\" aria-hidden=\"true\"><svg xmlns=\"http:\/\/www.w3.org\/2000\/svg\" viewBox=\"0 0 448 512\"><path d=\"M438.6 105.4c12.5 12.5 12.5 32.8 0 45.3l-256 256c-12.5 12.5-32.8 12.5-45.3 0l-128-128c-12.5-12.5-12.5-32.8 0-45.3s32.8-12.5 45.3 0L160 338.7 393.4 105.4c12.5-12.5 32.8-12.5 45.3 0z\"\/><\/svg><\/span><\/span><div class=\"vcex-content wpex-flex-grow\">Clarifier et identifier vos comp\u00e9tences comportementales<\/div><\/div><\/li>\n<li><div class=\"vcex-bullets-ci-wrap wpex-inline-flex\"><span class=\"vcex-bullets-icon-wrap vcex-icon-wrap wpex-mr-10\"><span class=\"vcex-bullets-icon vcex-icon wpex-icon\" aria-hidden=\"true\"><svg xmlns=\"http:\/\/www.w3.org\/2000\/svg\" viewBox=\"0 0 448 512\"><path d=\"M438.6 105.4c12.5 12.5 12.5 32.8 0 45.3l-256 256c-12.5 12.5-32.8 12.5-45.3 0l-128-128c-12.5-12.5-12.5-32.8 0-45.3s32.8-12.5 45.3 0L160 338.7 393.4 105.4c12.5-12.5 32.8-12.5 45.3 0z\"\/><\/svg><\/span><\/span><div class=\"vcex-content wpex-flex-grow\">Clarifier vos comp\u00e9tences techniques\/expertises<\/div><\/div><\/li>\n<li><div class=\"vcex-bullets-ci-wrap wpex-inline-flex\"><span class=\"vcex-bullets-icon-wrap vcex-icon-wrap wpex-mr-10\"><span class=\"vcex-bullets-icon vcex-icon wpex-icon\" aria-hidden=\"true\"><svg xmlns=\"http:\/\/www.w3.org\/2000\/svg\" viewBox=\"0 0 448 512\"><path d=\"M438.6 105.4c12.5 12.5 12.5 32.8 0 45.3l-256 256c-12.5 12.5-32.8 12.5-45.3 0l-128-128c-12.5-12.5-12.5-32.8 0-45.3s32.8-12.5 45.3 0L160 338.7 393.4 105.4c12.5-12.5 32.8-12.5 45.3 0z\"\/><\/svg><\/span><\/span><div class=\"vcex-content wpex-flex-grow\">Rep\u00e9rer vos points forts<\/div><\/div><\/li>\n<li><div class=\"vcex-bullets-ci-wrap wpex-inline-flex\"><span class=\"vcex-bullets-icon-wrap vcex-icon-wrap wpex-mr-10\"><span class=\"vcex-bullets-icon vcex-icon wpex-icon\" aria-hidden=\"true\"><svg xmlns=\"http:\/\/www.w3.org\/2000\/svg\" viewBox=\"0 0 448 512\"><path d=\"M438.6 105.4c12.5 12.5 12.5 32.8 0 45.3l-256 256c-12.5 12.5-32.8 12.5-45.3 0l-128-128c-12.5-12.5-12.5-32.8 0-45.3s32.8-12.5 45.3 0L160 338.7 393.4 105.4c12.5-12.5 32.8-12.5 45.3 0z\"\/><\/svg><\/span><\/span><div class=\"vcex-content wpex-flex-grow\">Identifier vos freins<\/div><\/div><\/li>\n<li><div class=\"vcex-bullets-ci-wrap wpex-inline-flex\"><span class=\"vcex-bullets-icon-wrap vcex-icon-wrap wpex-mr-10\"><span class=\"vcex-bullets-icon vcex-icon wpex-icon\" aria-hidden=\"true\"><svg xmlns=\"http:\/\/www.w3.org\/2000\/svg\" viewBox=\"0 0 448 512\"><path d=\"M438.6 105.4c12.5 12.5 12.5 32.8 0 45.3l-256 256c-12.5 12.5-32.8 12.5-45.3 0l-128-128c-12.5-12.5-12.5-32.8 0-45.3s32.8-12.5 45.3 0L160 338.7 393.4 105.4c12.5-12.5 32.8-12.5 45.3 0z\"\/><\/svg><\/span><\/span><div class=\"vcex-content wpex-flex-grow\">R\u00e9aliser, le cas \u00e9ch\u00e9ant, un bilan de comp\u00e9tences \u00e9tendu<\/div><\/div><\/li>\n<\/ul>\n<\/div>[\/vc_column][\/vc_row][vc_row][vc_column]<style>.vcex-button.vcex_69f25ab33fd40{background:#00adee;width:50%;}.vcex-button.vcex_69f25ab33fd40 .theme-button-icon-left{padding-inline-end:30px;}<\/style><div class=\"theme-button-wrap textcenter wpex-clr\"><a href=\"https:\/\/www.coachingprofessionnel.be\/contact\/\" class=\"vcex-button theme-button large align-center inline wpex-flex-shrink-0 vcex_69f25ab33fd40\" title=\"Me contacter\"><span class=\"vcex-button-inner theme-button-inner wpex-flex wpex-flex-wrap wpex-items-center wpex-justify-center\">Me contacter<span class=\"vcex-button-icon vcex-icon-wrap theme-button-icon-right\"><span class=\"wpex-icon wpex-icon--bidi\" aria-hidden=\"true\"><svg xmlns=\"http:\/\/www.w3.org\/2000\/svg\" viewBox=\"0 0 448 512\"><path d=\"M438.6 278.6c12.5-12.5 12.5-32.8 0-45.3l-160-160c-12.5-12.5-32.8-12.5-45.3 0s-12.5 32.8 0 45.3L338.8 224 32 224c-17.7 0-32 14.3-32 32s14.3 32 32 32l306.7 0L233.4 393.4c-12.5 12.5-12.5 32.8 0 45.3s32.8 12.5 45.3 0l160-160z\"\/><\/svg><\/span><\/span><\/span><\/a><\/div> [\/vc_column][\/vc_row]\n<\/div>","protected":false},"excerpt":{"rendered":"<p>[vc_row][vc_column width=\u00a0\u00bb1\/2&Prime;][vc_single_image image=\u00a0\u00bb831&Prime;][\/vc_column][vc_column width=\u00a0\u00bb1\/2&Prime;][vc_column_text]J\u2019accompagne toute personne qui souhaite un changement.[\/vc_column_text][vc_column_text]Le coaching de transition\/reconversion vous permet d\u2019envisager un changement partiel ou \u00e0 180\u00b0.[\/vc_column_text][\/vc_column][\/vc_row][vc_row][vc_column][\/vc_column][\/vc_row]<\/p>\n","protected":false},"author":1,"featured_media":0,"parent":0,"menu_order":0,"comment_status":"open","ping_status":"open","template":"","meta":{"footnotes":""},"class_list":["post-868","page","type-page","status-publish","hentry","entry","no-media"],"yoast_head":"<!-- This site is optimized with the Yoast SEO plugin v23.9 - https:\/\/yoast.com\/wordpress\/plugins\/seo\/ -->\n<title>coaching coach professionnel \u00e0 Bruxelles<\/title>\n<meta name=\"description\" content=\"Besoin d&#039;un coach professionnel et certifi\u00e9 \u00e0 Bruxelles pour votre d\u00e9veloppement professionnel, une prise de fonction, ou la gestion d\u2019un nouveau projet?\" \/>\n<meta name=\"robots\" content=\"index, follow, max-snippet:-1, max-image-preview:large, max-video-preview:-1\" \/>\n<link rel=\"canonical\" href=\"https:\/\/www.coachingprofessionnel.be\/coaching-de-transition-reconversion-souhaite-un-changement\/\" \/>\n<meta property=\"og:locale\" content=\"fr_FR\" \/>\n<meta property=\"og:type\" content=\"article\" \/>\n<meta property=\"og:title\" content=\"coaching coach professionnel \u00e0 Bruxelles\" \/>\n<meta property=\"og:description\" content=\"Besoin d&#039;un coach professionnel et certifi\u00e9 \u00e0 Bruxelles pour votre d\u00e9veloppement professionnel, une prise de fonction, ou la gestion d\u2019un nouveau projet?\" \/>\n<meta property=\"og:url\" content=\"https:\/\/www.coachingprofessionnel.be\/coaching-de-transition-reconversion-souhaite-un-changement\/\" \/>\n<meta property=\"og:site_name\" content=\"coaching professionnel\" \/>\n<meta property=\"article:modified_time\" content=\"2021-02-12T10:12:34+00:00\" \/>\n<meta name=\"twitter:card\" content=\"summary_large_image\" \/>\n<meta name=\"twitter:label1\" content=\"Dur\u00e9e de lecture estim\u00e9e\" \/>\n\t<meta name=\"twitter:data1\" content=\"1 minute\" \/>\n<script type=\"application\/ld+json\" class=\"yoast-schema-graph\">{\"@context\":\"https:\/\/schema.org\",\"@graph\":[{\"@type\":\"WebPage\",\"@id\":\"https:\/\/www.coachingprofessionnel.be\/coaching-de-transition-reconversion-souhaite-un-changement\/\",\"url\":\"https:\/\/www.coachingprofessionnel.be\/coaching-de-transition-reconversion-souhaite-un-changement\/\",\"name\":\"coaching coach professionnel \u00e0 Bruxelles\",\"isPartOf\":{\"@id\":\"https:\/\/www.coachingprofessionnel.be\/#website\"},\"datePublished\":\"2021-02-11T22:10:14+00:00\",\"dateModified\":\"2021-02-12T10:12:34+00:00\",\"description\":\"Besoin d'un coach professionnel et certifi\u00e9 \u00e0 Bruxelles pour votre d\u00e9veloppement professionnel, une prise de fonction, ou la gestion d\u2019un nouveau projet?\",\"breadcrumb\":{\"@id\":\"https:\/\/www.coachingprofessionnel.be\/coaching-de-transition-reconversion-souhaite-un-changement\/#breadcrumb\"},\"inLanguage\":\"fr-FR\",\"potentialAction\":[{\"@type\":\"ReadAction\",\"target\":[\"https:\/\/www.coachingprofessionnel.be\/coaching-de-transition-reconversion-souhaite-un-changement\/\"]}]},{\"@type\":\"BreadcrumbList\",\"@id\":\"https:\/\/www.coachingprofessionnel.be\/coaching-de-transition-reconversion-souhaite-un-changement\/#breadcrumb\",\"itemListElement\":[{\"@type\":\"ListItem\",\"position\":1,\"name\":\"Accueil\",\"item\":\"https:\/\/www.coachingprofessionnel.be\/\"},{\"@type\":\"ListItem\",\"position\":2,\"name\":\"Coaching de transition \/ reconversion souhaite un changement\"}]},{\"@type\":\"WebSite\",\"@id\":\"https:\/\/www.coachingprofessionnel.be\/#website\",\"url\":\"https:\/\/www.coachingprofessionnel.be\/\",\"name\":\"coaching professionnel\",\"description\":\"coaching professionnel Kal\u00e9i\",\"publisher\":{\"@id\":\"https:\/\/www.coachingprofessionnel.be\/#organization\"},\"potentialAction\":[{\"@type\":\"SearchAction\",\"target\":{\"@type\":\"EntryPoint\",\"urlTemplate\":\"https:\/\/www.coachingprofessionnel.be\/?s={search_term_string}\"},\"query-input\":{\"@type\":\"PropertyValueSpecification\",\"valueRequired\":true,\"valueName\":\"search_term_string\"}}],\"inLanguage\":\"fr-FR\"},{\"@type\":\"Organization\",\"@id\":\"https:\/\/www.coachingprofessionnel.be\/#organization\",\"name\":\"coaching professionnel\",\"url\":\"https:\/\/www.coachingprofessionnel.be\/\",\"logo\":{\"@type\":\"ImageObject\",\"inLanguage\":\"fr-FR\",\"@id\":\"https:\/\/www.coachingprofessionnel.be\/#\/schema\/logo\/image\/\",\"url\":\"https:\/\/www.coachingprofessionnel.be\/file\/2014\/02\/logo.png\",\"contentUrl\":\"https:\/\/www.coachingprofessionnel.be\/file\/2014\/02\/logo.png\",\"width\":155,\"height\":80,\"caption\":\"coaching professionnel\"},\"image\":{\"@id\":\"https:\/\/www.coachingprofessionnel.be\/#\/schema\/logo\/image\/\"}}]}<\/script>\n<!-- \/ Yoast SEO plugin. -->","yoast_head_json":{"title":"coaching coach professionnel \u00e0 Bruxelles","description":"Besoin d'un coach professionnel et certifi\u00e9 \u00e0 Bruxelles pour votre d\u00e9veloppement professionnel, une prise de fonction, ou la gestion d\u2019un nouveau projet?","robots":{"index":"index","follow":"follow","max-snippet":"max-snippet:-1","max-image-preview":"max-image-preview:large","max-video-preview":"max-video-preview:-1"},"canonical":"https:\/\/www.coachingprofessionnel.be\/coaching-de-transition-reconversion-souhaite-un-changement\/","og_locale":"fr_FR","og_type":"article","og_title":"coaching coach professionnel \u00e0 Bruxelles","og_description":"Besoin d'un coach professionnel et certifi\u00e9 \u00e0 Bruxelles pour votre d\u00e9veloppement professionnel, une prise de fonction, ou la gestion d\u2019un nouveau projet?","og_url":"https:\/\/www.coachingprofessionnel.be\/coaching-de-transition-reconversion-souhaite-un-changement\/","og_site_name":"coaching professionnel","article_modified_time":"2021-02-12T10:12:34+00:00","twitter_card":"summary_large_image","twitter_misc":{"Dur\u00e9e de lecture estim\u00e9e":"1 minute"},"schema":{"@context":"https:\/\/schema.org","@graph":[{"@type":"WebPage","@id":"https:\/\/www.coachingprofessionnel.be\/coaching-de-transition-reconversion-souhaite-un-changement\/","url":"https:\/\/www.coachingprofessionnel.be\/coaching-de-transition-reconversion-souhaite-un-changement\/","name":"coaching coach professionnel \u00e0 Bruxelles","isPartOf":{"@id":"https:\/\/www.coachingprofessionnel.be\/#website"},"datePublished":"2021-02-11T22:10:14+00:00","dateModified":"2021-02-12T10:12:34+00:00","description":"Besoin d'un coach professionnel et certifi\u00e9 \u00e0 Bruxelles pour votre d\u00e9veloppement professionnel, une prise de fonction, ou la gestion d\u2019un nouveau projet?","breadcrumb":{"@id":"https:\/\/www.coachingprofessionnel.be\/coaching-de-transition-reconversion-souhaite-un-changement\/#breadcrumb"},"inLanguage":"fr-FR","potentialAction":[{"@type":"ReadAction","target":["https:\/\/www.coachingprofessionnel.be\/coaching-de-transition-reconversion-souhaite-un-changement\/"]}]},{"@type":"BreadcrumbList","@id":"https:\/\/www.coachingprofessionnel.be\/coaching-de-transition-reconversion-souhaite-un-changement\/#breadcrumb","itemListElement":[{"@type":"ListItem","position":1,"name":"Accueil","item":"https:\/\/www.coachingprofessionnel.be\/"},{"@type":"ListItem","position":2,"name":"Coaching de transition \/ reconversion souhaite un changement"}]},{"@type":"WebSite","@id":"https:\/\/www.coachingprofessionnel.be\/#website","url":"https:\/\/www.coachingprofessionnel.be\/","name":"coaching professionnel","description":"coaching professionnel Kal\u00e9i","publisher":{"@id":"https:\/\/www.coachingprofessionnel.be\/#organization"},"potentialAction":[{"@type":"SearchAction","target":{"@type":"EntryPoint","urlTemplate":"https:\/\/www.coachingprofessionnel.be\/?s={search_term_string}"},"query-input":{"@type":"PropertyValueSpecification","valueRequired":true,"valueName":"search_term_string"}}],"inLanguage":"fr-FR"},{"@type":"Organization","@id":"https:\/\/www.coachingprofessionnel.be\/#organization","name":"coaching professionnel","url":"https:\/\/www.coachingprofessionnel.be\/","logo":{"@type":"ImageObject","inLanguage":"fr-FR","@id":"https:\/\/www.coachingprofessionnel.be\/#\/schema\/logo\/image\/","url":"https:\/\/www.coachingprofessionnel.be\/file\/2014\/02\/logo.png","contentUrl":"https:\/\/www.coachingprofessionnel.be\/file\/2014\/02\/logo.png","width":155,"height":80,"caption":"coaching professionnel"},"image":{"@id":"https:\/\/www.coachingprofessionnel.be\/#\/schema\/logo\/image\/"}}]}},"_links":{"self":[{"href":"https:\/\/www.coachingprofessionnel.be\/rest\/wp\/v2\/pages\/868","targetHints":{"allow":["GET"]}}],"collection":[{"href":"https:\/\/www.coachingprofessionnel.be\/rest\/wp\/v2\/pages"}],"about":[{"href":"https:\/\/www.coachingprofessionnel.be\/rest\/wp\/v2\/types\/page"}],"author":[{"embeddable":true,"href":"https:\/\/www.coachingprofessionnel.be\/rest\/wp\/v2\/users\/1"}],"replies":[{"embeddable":true,"href":"https:\/\/www.coachingprofessionnel.be\/rest\/wp\/v2\/comments?post=868"}],"version-history":[{"count":0,"href":"https:\/\/www.coachingprofessionnel.be\/rest\/wp\/v2\/pages\/868\/revisions"}],"wp:attachment":[{"href":"https:\/\/www.coachingprofessionnel.be\/rest\/wp\/v2\/media?parent=868"}],"curies":[{"name":"wp","href":"https:\/\/api.w.org\/{rel}","templated":true}]}}